{"id":1450,"date":"2022-04-01T16:26:47","date_gmt":"2022-04-01T20:26:47","guid":{"rendered":"https:\/\/sistemafamato.org.br\/famatoembrapashow\/?page_id=1450"},"modified":"2022-07-06T08:21:32","modified_gmt":"2022-07-06T12:21:32","slug":"palestrantes","status":"publish","type":"page","link":"https:\/\/sistemafamato.org.br\/famatoembrapashow\/palestrantes\/","title":{"rendered":"Palestrantes"},"content":{"rendered":"\t\t<div data-elementor-type=\"wp-page\" data-elementor-id=\"1450\" class=\"elementor elementor-1450\">\n\t\t\t\t\t\t\t\t\t<section class=\"elementor-section elementor-top-section elementor-element elementor-element-7024522 elementor-section-full_width elementor-hidden-mobile elementor-section-height-default elementor-section-height-default\" data-id=\"7024522\" data-element_type=\"section\" data-settings=\"{&quot;background_background&quot;:&quot;classic&quot;}\">\n\t\t\t\t\t\t<div class=\"elementor-container elementor-column-gap-no\">\n\t\t\t\t\t<div class=\"elementor-column elementor-col-100 elementor-top-column elementor-element elementor-element-ce796e4\" data-id=\"ce796e4\" data-element_type=\"column\">\n\t\t\t<div class=\"elementor-widget-wrap elementor-element-populated\">\n\t\t\t\t\t\t\t\t<div class=\"elementor-element elementor-element-1a9b7c1 elementor-widget elementor-widget-image-carousel\" data-id=\"1a9b7c1\" data-element_type=\"widget\" data-settings=\"{&quot;slides_to_show&quot;:&quot;1&quot;,&quot;navigation&quot;:&quot;none&quot;,&quot;pause_on_interaction&quot;:&quot;no&quot;,&quot;autoplay&quot;:&quot;yes&quot;,&quot;pause_on_hover&quot;:&quot;yes&quot;,&quot;autoplay_speed&quot;:5000,&quot;infinite&quot;:&quot;yes&quot;,&quot;effect&quot;:&quot;slide&quot;,&quot;speed&quot;:500}\" data-widget_type=\"image-carousel.default\">\n\t\t\t\t<div class=\"elementor-widget-container\">\n\t\t\t<style>\/*! elementor - v3.6.1 - 23-03-2022 *\/\n.elementor-widget-image-carousel .swiper-container{position:static}.elementor-widget-image-carousel .swiper-container .swiper-slide figure{line-height:inherit}.elementor-widget-image-carousel .swiper-slide{text-align:center}.elementor-image-carousel-wrapper:not(.swiper-container-initialized) .swiper-slide{max-width:calc(100% \/ var(--e-image-carousel-slides-to-show, 3))}<\/style>\t\t<div class=\"elementor-image-carousel-wrapper swiper-container\" dir=\"ltr\">\n\t\t\t<div class=\"elementor-image-carousel swiper-wrapper\">\n\t\t\t\t\t\t\t\t<div class=\"swiper-slide\"><figure class=\"swiper-slide-inner\"><img decoding=\"async\" class=\"swiper-slide-image\" src=\"https:\/\/sistemafamato.org.br\/famatoembrapashow\/wp-content\/uploads\/sites\/5\/2022\/04\/Slider_01_Desk.jpg\" alt=\"Slider_01_Desk\" \/><\/figure><\/div><div class=\"swiper-slide\"><figure class=\"swiper-slide-inner\"><img decoding=\"async\" class=\"swiper-slide-image\" src=\"https:\/\/sistemafamato.org.br\/famatoembrapashow\/wp-content\/uploads\/sites\/5\/2022\/04\/Slider_02_Desk.jpg\" alt=\"Slider_02_Desk\" \/><\/figure><\/div>\t\t\t<\/div>\n\t\t\t\t\t\t\t\t\t\t\t\t\t\t\t\t<\/div>\n\t\t\t\t<\/div>\n\t\t\t\t<\/div>\n\t\t\t\t\t<\/div>\n\t\t<\/div>\n\t\t\t\t\t\t\t<\/div>\n\t\t<\/section>\n\t\t\t\t<section class=\"elementor-section elementor-top-section elementor-element elementor-element-e97b571 elementor-section-full_width elementor-hidden-desktop elementor-hidden-tablet elementor-section-height-default elementor-section-height-default\" data-id=\"e97b571\" data-element_type=\"section\" data-settings=\"{&quot;background_background&quot;:&quot;classic&quot;}\">\n\t\t\t\t\t\t<div class=\"elementor-container elementor-column-gap-no\">\n\t\t\t\t\t<div class=\"elementor-column elementor-col-100 elementor-top-column elementor-element elementor-element-e63fb0f\" data-id=\"e63fb0f\" data-element_type=\"column\">\n\t\t\t<div class=\"elementor-widget-wrap elementor-element-populated\">\n\t\t\t\t\t\t\t\t<div class=\"elementor-element elementor-element-b0324b7 elementor-widget elementor-widget-image-carousel\" data-id=\"b0324b7\" data-element_type=\"widget\" data-settings=\"{&quot;slides_to_show&quot;:&quot;1&quot;,&quot;navigation&quot;:&quot;none&quot;,&quot;pause_on_interaction&quot;:&quot;no&quot;,&quot;autoplay&quot;:&quot;yes&quot;,&quot;pause_on_hover&quot;:&quot;yes&quot;,&quot;autoplay_speed&quot;:5000,&quot;infinite&quot;:&quot;yes&quot;,&quot;effect&quot;:&quot;slide&quot;,&quot;speed&quot;:500}\" data-widget_type=\"image-carousel.default\">\n\t\t\t\t<div class=\"elementor-widget-container\">\n\t\t\t\t\t<div class=\"elementor-image-carousel-wrapper swiper-container\" dir=\"ltr\">\n\t\t\t<div class=\"elementor-image-carousel swiper-wrapper\">\n\t\t\t\t\t\t\t\t<div class=\"swiper-slide\"><figure class=\"swiper-slide-inner\"><img decoding=\"async\" class=\"swiper-slide-image\" src=\"https:\/\/sistemafamato.org.br\/famatoembrapashow\/wp-content\/uploads\/sites\/5\/2022\/04\/Slider_01_Mobile.jpg\" alt=\"Slider_01_Mobile\" \/><\/figure><\/div><div class=\"swiper-slide\"><figure class=\"swiper-slide-inner\"><img decoding=\"async\" class=\"swiper-slide-image\" src=\"https:\/\/sistemafamato.org.br\/famatoembrapashow\/wp-content\/uploads\/sites\/5\/2022\/04\/Slider_02_Mobile.jpg\" alt=\"Slider_02_Mobile\" \/><\/figure><\/div>\t\t\t<\/div>\n\t\t\t\t\t\t\t\t\t\t\t\t\t\t\t\t<\/div>\n\t\t\t\t<\/div>\n\t\t\t\t<\/div>\n\t\t\t\t\t<\/div>\n\t\t<\/div>\n\t\t\t\t\t\t\t<\/div>\n\t\t<\/section>\n\t\t\t\t<section class=\"elementor-section elementor-top-section elementor-element elementor-element-390a8b0 elementor-section-boxed elementor-section-height-default elementor-section-height-default\" data-id=\"390a8b0\" data-element_type=\"section\" data-settings=\"{&quot;background_background&quot;:&quot;classic&quot;}\">\n\t\t\t\t\t\t<div class=\"elementor-container elementor-column-gap-no\">\n\t\t\t\t\t<div class=\"elementor-column elementor-col-33 elementor-top-column elementor-element elementor-element-948f26f\" data-id=\"948f26f\" data-element_type=\"column\">\n\t\t\t<div class=\"elementor-widget-wrap elementor-element-populated\">\n\t\t\t\t\t\t\t\t<div class=\"elementor-element elementor-element-c8b731f elementor-widget elementor-widget-heading\" data-id=\"c8b731f\" data-element_type=\"widget\" data-widget_type=\"heading.default\">\n\t\t\t\t<div class=\"elementor-widget-container\">\n\t\t\t<style>\/*! elementor - v3.6.1 - 23-03-2022 *\/\n.elementor-heading-title{padding:0;margin:0;line-height:1}.elementor-widget-heading .elementor-heading-title[class*=elementor-size-]>a{color:inherit;font-size:inherit;line-height:inherit}.elementor-widget-heading .elementor-heading-title.elementor-size-small{font-size:15px}.elementor-widget-heading .elementor-heading-title.elementor-size-medium{font-size:19px}.elementor-widget-heading .elementor-heading-title.elementor-size-large{font-size:29px}.elementor-widget-heading .elementor-heading-title.elementor-size-xl{font-size:39px}.elementor-widget-heading .elementor-heading-title.elementor-size-xxl{font-size:59px}<\/style><h2 class=\"elementor-heading-title elementor-size-default\">Conte cada segundo at\u00e9 o<\/h2>\t\t<\/div>\n\t\t\t\t<\/div>\n\t\t\t\t<div class=\"elementor-element elementor-element-c6b955b elementor-widget elementor-widget-heading\" data-id=\"c6b955b\" data-element_type=\"widget\" data-widget_type=\"heading.default\">\n\t\t\t\t<div class=\"elementor-widget-container\">\n\t\t\t<h2 class=\"elementor-heading-title elementor-size-default\">Famato Embrapa Show 2022<\/h2>\t\t<\/div>\n\t\t\t\t<\/div>\n\t\t\t\t\t<\/div>\n\t\t<\/div>\n\t\t\t\t<div class=\"elementor-column elementor-col-33 elementor-top-column elementor-element elementor-element-3671e93\" data-id=\"3671e93\" data-element_type=\"column\">\n\t\t\t<div class=\"elementor-widget-wrap elementor-element-populated\">\n\t\t\t\t\t\t\t\t<div class=\"elementor-element elementor-element-6c5b2f2 elementor-countdown--label-block elementor-widget elementor-widget-countdown\" data-id=\"6c5b2f2\" data-element_type=\"widget\" data-widget_type=\"countdown.default\">\n\t\t\t\t<div class=\"elementor-widget-container\">\n\t\t\t<style>\/*! elementor-pro - v3.6.4 - 15-03-2022 *\/\n.elementor-widget-countdown .elementor-countdown-expire--message{display:none;padding:20px;text-align:center}.elementor-widget-countdown .elementor-countdown-wrapper{-webkit-box-orient:horizontal;-webkit-box-direction:normal;-ms-flex-direction:row;flex-direction:row}.elementor-widget-countdown .elementor-countdown-item{padding:20px 0;text-align:center;color:#fff}.elementor-widget-countdown .elementor-countdown-digits,.elementor-widget-countdown .elementor-countdown-label{line-height:1}.elementor-widget-countdown .elementor-countdown-digits{font-size:69px}.elementor-widget-countdown .elementor-countdown-label{font-size:19px}.elementor-widget-countdown.elementor-countdown--label-block .elementor-countdown-wrapper{display:-webkit-box;display:-ms-flexbox;display:flex;-webkit-box-pack:center;-ms-flex-pack:center;justify-content:center;margin-right:auto;margin-left:auto}.elementor-widget-countdown.elementor-countdown--label-block .elementor-countdown-digits,.elementor-widget-countdown.elementor-countdown--label-block .elementor-countdown-label{display:block}.elementor-widget-countdown.elementor-countdown--label-block .elementor-countdown-item{-ms-flex-preferred-size:0;flex-basis:0;-webkit-box-flex:1;-ms-flex-positive:1;flex-grow:1}.elementor-widget-countdown.elementor-countdown--label-inline{text-align:center}.elementor-widget-countdown.elementor-countdown--label-inline .elementor-countdown-item{display:inline-block;padding-left:5px;padding-right:5px}<\/style>\t\t<div class=\"elementor-countdown-wrapper\" data-date=\"1655955540\">\n\t\t\t<div class=\"elementor-countdown-item\"><span class=\"elementor-countdown-digits elementor-countdown-days\"><\/span> <span class=\"elementor-countdown-label\">Dia(s)<\/span><\/div><div class=\"elementor-countdown-item\"><span class=\"elementor-countdown-digits elementor-countdown-hours\"><\/span> <span class=\"elementor-countdown-label\">Hora(s)<\/span><\/div><div class=\"elementor-countdown-item\"><span class=\"elementor-countdown-digits elementor-countdown-minutes\"><\/span> <span class=\"elementor-countdown-label\">Minuto(s)<\/span><\/div><div class=\"elementor-countdown-item\"><span class=\"elementor-countdown-digits elementor-countdown-seconds\"><\/span> <span class=\"elementor-countdown-label\">Segundo(s)<\/span><\/div>\t\t<\/div>\n\t\t\t\t<\/div>\n\t\t\t\t<\/div>\n\t\t\t\t\t<\/div>\n\t\t<\/div>\n\t\t\t\t<div class=\"elementor-column elementor-col-33 elementor-top-column elementor-element elementor-element-4a9bb9d\" data-id=\"4a9bb9d\" data-element_type=\"column\">\n\t\t\t<div class=\"elementor-widget-wrap elementor-element-populated\">\n\t\t\t\t\t\t\t\t<div class=\"elementor-element elementor-element-ca9e1ec elementor-align-center elementor-widget elementor-widget-button\" data-id=\"ca9e1ec\" data-element_type=\"widget\" data-widget_type=\"button.default\">\n\t\t\t\t<div class=\"elementor-widget-container\">\n\t\t\t\t\t<div class=\"elementor-button-wrapper\">\n\t\t\t<a href=\"#\" class=\"elementor-button-link elementor-button elementor-size-md\" role=\"button\">\n\t\t\t\t\t\t<span class=\"elementor-button-content-wrapper\">\n\t\t\t\t\t\t<span class=\"elementor-button-text\">INSCREVA-SE<\/span>\n\t\t<\/span>\n\t\t\t\t\t<\/a>\n\t\t<\/div>\n\t\t\t\t<\/div>\n\t\t\t\t<\/div>\n\t\t\t\t\t<\/div>\n\t\t<\/div>\n\t\t\t\t\t\t\t<\/div>\n\t\t<\/section>\n\t\t\t\t<section class=\"elementor-section elementor-top-section elementor-element elementor-element-eced7ba elementor-section-boxed elementor-section-height-default elementor-section-height-default\" data-id=\"eced7ba\" data-element_type=\"section\" data-settings=\"{&quot;background_background&quot;:&quot;gradient&quot;}\">\n\t\t\t\t\t\t<div class=\"elementor-container elementor-column-gap-default\">\n\t\t\t\t\t<div class=\"elementor-column elementor-col-100 elementor-top-column elementor-element elementor-element-ff0a1c6\" data-id=\"ff0a1c6\" data-element_type=\"column\">\n\t\t\t<div class=\"elementor-widget-wrap elementor-element-populated\">\n\t\t\t\t\t\t\t\t<div class=\"elementor-element elementor-element-c97313d elementor-widget elementor-widget-menu-anchor\" data-id=\"c97313d\" data-element_type=\"widget\" data-widget_type=\"menu-anchor.default\">\n\t\t\t\t<div class=\"elementor-widget-container\">\n\t\t\t<style>\/*! elementor - v3.6.1 - 23-03-2022 *\/\nbody.elementor-page .elementor-widget-menu-anchor{margin-bottom:0}<\/style>\t\t<div id=\"oevento\" class=\"elementor-menu-anchor\"><\/div>\n\t\t\t\t<\/div>\n\t\t\t\t<\/div>\n\t\t\t\t<div class=\"elementor-element elementor-element-79fb734 elementor-widget elementor-widget-heading\" data-id=\"79fb734\" data-element_type=\"widget\" data-widget_type=\"heading.default\">\n\t\t\t\t<div class=\"elementor-widget-container\">\n\t\t\t<h4 class=\"elementor-heading-title elementor-size-default\">Palestrantes<\/h4>\t\t<\/div>\n\t\t\t\t<\/div>\n\t\t\t\t<div class=\"elementor-element elementor-element-89e9e0a elementor-widget elementor-widget-heading\" data-id=\"89e9e0a\" data-element_type=\"widget\" data-widget_type=\"heading.default\">\n\t\t\t\t<div class=\"elementor-widget-container\">\n\t\t\t<h2 class=\"elementor-heading-title elementor-size-default\">Conhe\u00e7a os nossos Palestrantes<\/h2>\t\t<\/div>\n\t\t\t\t<\/div>\n\t\t\t\t<section class=\"elementor-section elementor-inner-section elementor-element elementor-element-52b5eec elementor-section-boxed elementor-section-height-default elementor-section-height-default\" data-id=\"52b5eec\" data-element_type=\"section\">\n\t\t\t\t\t\t<div class=\"elementor-container elementor-column-gap-default\">\n\t\t\t\t\t<div class=\"elementor-column elementor-col-100 elementor-inner-column elementor-element elementor-element-c966f4d\" data-id=\"c966f4d\" data-element_type=\"column\">\n\t\t\t<div class=\"elementor-widget-wrap elementor-element-populated\">\n\t\t\t\t\t\t\t\t<div class=\"elementor-element elementor-element-fe780ac elementor-grid-1 elementor-posts--thumbnail-top elementor-grid-tablet-2 elementor-grid-mobile-1 elementor-widget elementor-widget-posts\" data-id=\"fe780ac\" data-element_type=\"widget\" data-settings=\"{&quot;custom_columns&quot;:&quot;1&quot;,&quot;custom_columns_tablet&quot;:&quot;2&quot;,&quot;custom_columns_mobile&quot;:&quot;1&quot;,&quot;custom_row_gap&quot;:{&quot;unit&quot;:&quot;px&quot;,&quot;size&quot;:35,&quot;sizes&quot;:[]},&quot;custom_row_gap_tablet&quot;:{&quot;unit&quot;:&quot;px&quot;,&quot;size&quot;:&quot;&quot;,&quot;sizes&quot;:[]},&quot;custom_row_gap_mobile&quot;:{&quot;unit&quot;:&quot;px&quot;,&quot;size&quot;:&quot;&quot;,&quot;sizes&quot;:[]}}\" data-widget_type=\"posts.custom\">\n\t\t\t\t<div class=\"elementor-widget-container\">\n\t\t\t<link rel=\"stylesheet\" href=\"https:\/\/sistemafamato.org.br\/famatoembrapashow\/wp-content\/plugins\/elementor-pro\/assets\/css\/widget-posts.min.css\">      <div class=\"ecs-posts elementor-posts-container elementor-posts   elementor-grid elementor-posts--skin-custom\" data-settings=\"{&quot;current_page&quot;:1,&quot;max_num_pages&quot;:1,&quot;load_method&quot;:&quot;&quot;,&quot;widget_id&quot;:&quot;fe780ac&quot;,&quot;post_id&quot;:1450,&quot;theme_id&quot;:1450,&quot;change_url&quot;:false,&quot;reinit_js&quot;:false}\">\n      \t\t<article id=\"post-2294\" class=\"elementor-post elementor-grid-item ecs-post-loop post-2294 speaker type-speaker status-publish has-post-thumbnail hentry\">\n\t\t\t\t<div data-elementor-type=\"loop\" data-elementor-id=\"480\" class=\"elementor elementor-480 post-2294 speaker type-speaker status-publish has-post-thumbnail hentry\">\n\t\t\t\t\t\t\t\t<section class=\"elementor-section elementor-top-section elementor-element elementor-element-9acedee elementor-section-boxed elementor-section-height-default elementor-section-height-default\" data-id=\"9acedee\" data-element_type=\"section\" data-settings=\"{&quot;background_background&quot;:&quot;classic&quot;}\">\n\t\t\t\t\t\t<div class=\"elementor-container elementor-column-gap-default\">\n\t\t\t\t\t<div class=\"elementor-column elementor-col-50 elementor-top-column elementor-element elementor-element-0ca81ff\" data-id=\"0ca81ff\" data-element_type=\"column\" data-settings=\"{&quot;background_background&quot;:&quot;classic&quot;}\">\n\t\t\t<div class=\"elementor-widget-wrap elementor-element-populated\">\n\t\t\t\t\t\t\t\t<div class=\"elementor-element elementor-element-08f6495 elementor-widget elementor-widget-theme-post-featured-image elementor-widget-image\" data-id=\"08f6495\" data-element_type=\"widget\" data-widget_type=\"theme-post-featured-image.default\">\n\t\t\t\t<div class=\"elementor-widget-container\">\n\t\t\t<style>\/*! elementor - v3.6.1 - 23-03-2022 *\/\n.elementor-widget-image{text-align:center}.elementor-widget-image a{display:inline-block}.elementor-widget-image a img[src$=\".svg\"]{width:48px}.elementor-widget-image img{vertical-align:middle;display:inline-block}<\/style>\t\t\t\t\t\t\t\t\t\t\t\t<img loading=\"lazy\" decoding=\"async\" width=\"132\" height=\"132\" src=\"https:\/\/sistemafamato.org.br\/famatoembrapashow\/wp-content\/uploads\/sites\/5\/2022\/05\/Ademir-Fontana_OK.jpg\" class=\"attachment-full size-full\" alt=\"\" \/>\t\t\t\t\t\t\t\t\t\t\t\t\t\t\t<\/div>\n\t\t\t\t<\/div>\n\t\t\t\t\t<\/div>\n\t\t<\/div>\n\t\t\t\t<div class=\"elementor-column elementor-col-50 elementor-top-column elementor-element elementor-element-a5e8a61\" data-id=\"a5e8a61\" data-element_type=\"column\" data-settings=\"{&quot;background_background&quot;:&quot;classic&quot;}\">\n\t\t\t<div class=\"elementor-widget-wrap elementor-element-populated\">\n\t\t\t\t\t\t\t\t<div class=\"elementor-element elementor-element-c9bdc80 elementor-widget elementor-widget-theme-post-title elementor-page-title elementor-widget-heading\" data-id=\"c9bdc80\" data-element_type=\"widget\" data-widget_type=\"theme-post-title.default\">\n\t\t\t\t<div class=\"elementor-widget-container\">\n\t\t\t<h1 class=\"elementor-heading-title elementor-size-default\">Ademir Fontana<\/h1>\t\t<\/div>\n\t\t\t\t<\/div>\n\t\t\t\t<div class=\"elementor-element elementor-element-26bd1fc elementor-widget elementor-widget-heading\" data-id=\"26bd1fc\" data-element_type=\"widget\" data-widget_type=\"heading.default\">\n\t\t\t\t<div class=\"elementor-widget-container\">\n\t\t\t<h2 class=\"elementor-heading-title elementor-size-default\">Pesquisador Embrapa Solos - Rio de Janeiro (RJ)<\/h2>\t\t<\/div>\n\t\t\t\t<\/div>\n\t\t\t\t<div class=\"elementor-element elementor-element-172cab2 elementor-widget elementor-widget-text-editor\" data-id=\"172cab2\" data-element_type=\"widget\" data-widget_type=\"text-editor.default\">\n\t\t\t\t<div class=\"elementor-widget-container\">\n\t\t\t<style>\/*! elementor - v3.6.1 - 23-03-2022 *\/\n.elementor-widget-text-editor.elementor-drop-cap-view-stacked .elementor-drop-cap{background-color:#818a91;color:#fff}.elementor-widget-text-editor.elementor-drop-cap-view-framed .elementor-drop-cap{color:#818a91;border:3px solid;background-color:transparent}.elementor-widget-text-editor:not(.elementor-drop-cap-view-default) .elementor-drop-cap{margin-top:8px}.elementor-widget-text-editor:not(.elementor-drop-cap-view-default) .elementor-drop-cap-letter{width:1em;height:1em}.elementor-widget-text-editor .elementor-drop-cap{float:left;text-align:center;line-height:1;font-size:50px}.elementor-widget-text-editor .elementor-drop-cap-letter{display:inline-block}<\/style>\t\t\t\tEngenheiro Agr\u00f4nomo e Doutor em Agronomia-Ci\u00eancia do Solo pela Universidade Federal Rural do Rio de Janeiro. Pesquisador da Embrapa Solos nas \u00e1reas de Pedologia e Mat\u00e9ria Org\u00e2nica. Professor e orientador no Programa de P\u00f3s-Gradua\u00e7\u00e3o em Recursos Naturais na UFMS. Linhas de pesquisa com foco na forma\u00e7\u00e3o e classifica\u00e7\u00e3o de taxon\u00f4mica e utilit\u00e1ria de solos; atributos f\u00edsicos e qu\u00edmicos de solos arenosos e black soils; mat\u00e9ria org\u00e2nica na forma\u00e7\u00e3o e classifica\u00e7\u00e3o de solos e em sistemas agr\u00edcolas. Membro do International Network of Black Soils (INBS) no ITPS\/GSP da FAO e Diretor na Divis\u00e3o 1 &#8211; Solo no Espa\u00e7o e no Tempo da Sociedade Brasileira de Ci\u00eancia do Solo.  \t\t\t\t\t\t<\/div>\n\t\t\t\t<\/div>\n\t\t\t\t\t<\/div>\n\t\t<\/div>\n\t\t\t\t\t\t\t<\/div>\n\t\t<\/section>\n\t\t\t\t\t\t<\/div>\n\t\t\t\t<\/article>\n\t\t\t\t<article id=\"post-2973\" class=\"elementor-post elementor-grid-item ecs-post-loop post-2973 speaker type-speaker status-publish has-post-thumbnail hentry\">\n\t\t\t\t<div data-elementor-type=\"loop\" data-elementor-id=\"480\" class=\"elementor elementor-480 post-2973 speaker type-speaker status-publish has-post-thumbnail hentry\">\n\t\t\t\t\t\t\t\t<section class=\"elementor-section elementor-top-section elementor-element elementor-element-9acedee elementor-section-boxed elementor-section-height-default elementor-section-height-default\" data-id=\"9acedee\" data-element_type=\"section\" data-settings=\"{&quot;background_background&quot;:&quot;classic&quot;}\">\n\t\t\t\t\t\t<div class=\"elementor-container elementor-column-gap-default\">\n\t\t\t\t\t<div class=\"elementor-column elementor-col-50 elementor-top-column elementor-element elementor-element-0ca81ff\" data-id=\"0ca81ff\" data-element_type=\"column\" data-settings=\"{&quot;background_background&quot;:&quot;classic&quot;}\">\n\t\t\t<div class=\"elementor-widget-wrap elementor-element-populated\">\n\t\t\t\t\t\t\t\t<div class=\"elementor-element elementor-element-08f6495 elementor-widget elementor-widget-theme-post-featured-image elementor-widget-image\" data-id=\"08f6495\" data-element_type=\"widget\" data-widget_type=\"theme-post-featured-image.default\">\n\t\t\t\t<div class=\"elementor-widget-container\">\n\t\t\t\t\t\t\t\t\t\t\t\t\t\t\t<img loading=\"lazy\" decoding=\"async\" width=\"1200\" height=\"1200\" src=\"https:\/\/sistemafamato.org.br\/famatoembrapashow\/wp-content\/uploads\/sites\/5\/2022\/06\/Adeney.jpg\" class=\"attachment-full size-full\" alt=\"\" srcset=\"https:\/\/sistemafamato.org.br\/famatoembrapashow\/wp-content\/uploads\/sites\/5\/2022\/06\/Adeney.jpg 1200w, https:\/\/sistemafamato.org.br\/famatoembrapashow\/wp-content\/uploads\/sites\/5\/2022\/06\/Adeney-300x300.jpg 300w, https:\/\/sistemafamato.org.br\/famatoembrapashow\/wp-content\/uploads\/sites\/5\/2022\/06\/Adeney-1024x1024.jpg 1024w, https:\/\/sistemafamato.org.br\/famatoembrapashow\/wp-content\/uploads\/sites\/5\/2022\/06\/Adeney-150x150.jpg 150w, https:\/\/sistemafamato.org.br\/famatoembrapashow\/wp-content\/uploads\/sites\/5\/2022\/06\/Adeney-768x768.jpg 768w\" sizes=\"auto, (max-width: 1200px) 100vw, 1200px\" \/>\t\t\t\t\t\t\t\t\t\t\t\t\t\t\t<\/div>\n\t\t\t\t<\/div>\n\t\t\t\t\t<\/div>\n\t\t<\/div>\n\t\t\t\t<div class=\"elementor-column elementor-col-50 elementor-top-column elementor-element elementor-element-a5e8a61\" data-id=\"a5e8a61\" data-element_type=\"column\" data-settings=\"{&quot;background_background&quot;:&quot;classic&quot;}\">\n\t\t\t<div class=\"elementor-widget-wrap elementor-element-populated\">\n\t\t\t\t\t\t\t\t<div class=\"elementor-element elementor-element-c9bdc80 elementor-widget elementor-widget-theme-post-title elementor-page-title elementor-widget-heading\" data-id=\"c9bdc80\" data-element_type=\"widget\" data-widget_type=\"theme-post-title.default\">\n\t\t\t\t<div class=\"elementor-widget-container\">\n\t\t\t<h1 class=\"elementor-heading-title elementor-size-default\">Adeney de Freitas Bueno<\/h1>\t\t<\/div>\n\t\t\t\t<\/div>\n\t\t\t\t<div class=\"elementor-element elementor-element-26bd1fc elementor-widget elementor-widget-heading\" data-id=\"26bd1fc\" data-element_type=\"widget\" data-widget_type=\"heading.default\">\n\t\t\t\t<div class=\"elementor-widget-container\">\n\t\t\t<h2 class=\"elementor-heading-title elementor-size-default\">Pesquisador Embrapa Soja<\/h2>\t\t<\/div>\n\t\t\t\t<\/div>\n\t\t\t\t<div class=\"elementor-element elementor-element-172cab2 elementor-widget elementor-widget-text-editor\" data-id=\"172cab2\" data-element_type=\"widget\" data-widget_type=\"text-editor.default\">\n\t\t\t\t<div class=\"elementor-widget-container\">\n\t\t\t\t\t\t\tPossui gradua\u00e7\u00e3o em Engenharia Agron\u00f4mica pela Faculdade de Agronomia Manoel Carlos Gon\u00e7alves &#8211; UNIPINHAL (1998), mestrado em Entomologia Agr\u00edcola pela Universidade Estadual Paulista J\u00falio de Mesquita Filho (UNESP\/Jaboticabal, SP) (2001) e doutorado em Entomologia pela Universidade de S\u00e3o Paulo (USP\/Ribeir\u00e3o Preto, SP) (2004). Realizou doutorado sandu\u00edche em 2003 na Universidade de Nebraska, EUA (2003). Atualmente \u00e9 Pesquisador de Entomologia e Coordenador Internacional da Embrapa Soja &#8211; Londrina, PR, bolsista de produtividade de pesquisa do CNPq e editor associado das revistas cient\u00edficas CABI Agriculture and Biosciences Journal, Revista Brasileira de Entomologia (RBE), Neotropical Entomology (NE) e Ci\u00eancia Rural (CR). Atua tamb\u00e9m como professor-orientador dos programas de p\u00f3s-gradua\u00e7\u00e3o em: Entomologia da Universidade Federal do Paran\u00e1 (UFPR) desde de 2010 e Agronomia Conservacionista do IDR\/Paran\u00e1 desde de 2013 que recentemente teve a fus\u00e3o com o programa de agronomia da Universidade Estadual de Londrina em 2020 onde continua atuando como professor orientador de mestrado e doutorado. Nestes programas de p\u00f3s gradua\u00e7\u00e3o ministra a disciplina de Manejo Integrado de Pragas. Tem experi\u00eancia na \u00e1rea de Entomologia Agr\u00edcola, atuando principalmente no controle biol\u00f3gico com parasitoides de ovos e o manejo integrado das pragas da cultura da soja. Presidiu o XVI Simp\u00f3sio de Controle Biol\u00f3gico (Siconbiol) que foi realizado de 11 a 15 de Agosto de 2019 em Londrina, PR e tamb\u00e9m o IX Congresso Brasileiro de Soja e Mercosoja que foi realizado em 16 a 19 de maio de 2022. \u00c9 tamb\u00e9m membro da comiss\u00e3o organizadora da Confer\u00eancia Mundial de Soja que ocorrer\u00e1 em Viena, Austria em Junho de 2023. Foi Membro Afiliado da Acad\u00eamia Brasileira de Ci\u00eancias entre 2012 a 2016.\t\t\t\t\t\t<\/div>\n\t\t\t\t<\/div>\n\t\t\t\t\t<\/div>\n\t\t<\/div>\n\t\t\t\t\t\t\t<\/div>\n\t\t<\/section>\n\t\t\t\t\t\t<\/div>\n\t\t\t\t<\/article>\n\t\t\t\t<article id=\"post-1704\" class=\"elementor-post elementor-grid-item ecs-post-loop post-1704 speaker type-speaker status-publish has-post-thumbnail hentry\">\n\t\t\t\t<div data-elementor-type=\"loop\" data-elementor-id=\"480\" class=\"elementor elementor-480 post-1704 speaker type-speaker status-publish has-post-thumbnail hentry\">\n\t\t\t\t\t\t\t\t<section class=\"elementor-section elementor-top-section elementor-element elementor-element-9acedee elementor-section-boxed elementor-section-height-default elementor-section-height-default\" data-id=\"9acedee\" data-element_type=\"section\" data-settings=\"{&quot;background_background&quot;:&quot;classic&quot;}\">\n\t\t\t\t\t\t<div class=\"elementor-container elementor-column-gap-default\">\n\t\t\t\t\t<div class=\"elementor-column elementor-col-50 elementor-top-column elementor-element elementor-element-0ca81ff\" data-id=\"0ca81ff\" data-element_type=\"column\" data-settings=\"{&quot;background_background&quot;:&quot;classic&quot;}\">\n\t\t\t<div class=\"elementor-widget-wrap elementor-element-populated\">\n\t\t\t\t\t\t\t\t<div class=\"elementor-element elementor-element-08f6495 elementor-widget elementor-widget-theme-post-featured-image elementor-widget-image\" data-id=\"08f6495\" data-element_type=\"widget\" data-widget_type=\"theme-post-featured-image.default\">\n\t\t\t\t<div class=\"elementor-widget-container\">\n\t\t\t\t\t\t\t\t\t\t\t\t\t\t\t<img loading=\"lazy\" decoding=\"async\" width=\"300\" height=\"300\" src=\"https:\/\/sistemafamato.org.br\/famatoembrapashow\/wp-content\/uploads\/sites\/5\/2022\/06\/Palestrante_Aldo_Rebelo_3003x300.jpg\" class=\"attachment-full size-full\" alt=\"\" srcset=\"https:\/\/sistemafamato.org.br\/famatoembrapashow\/wp-content\/uploads\/sites\/5\/2022\/06\/Palestrante_Aldo_Rebelo_3003x300.jpg 300w, https:\/\/sistemafamato.org.br\/famatoembrapashow\/wp-content\/uploads\/sites\/5\/2022\/06\/Palestrante_Aldo_Rebelo_3003x300-150x150.jpg 150w\" sizes=\"auto, (max-width: 300px) 100vw, 300px\" \/>\t\t\t\t\t\t\t\t\t\t\t\t\t\t\t<\/div>\n\t\t\t\t<\/div>\n\t\t\t\t\t<\/div>\n\t\t<\/div>\n\t\t\t\t<div class=\"elementor-column elementor-col-50 elementor-top-column elementor-element elementor-element-a5e8a61\" data-id=\"a5e8a61\" data-element_type=\"column\" data-settings=\"{&quot;background_background&quot;:&quot;classic&quot;}\">\n\t\t\t<div class=\"elementor-widget-wrap elementor-element-populated\">\n\t\t\t\t\t\t\t\t<div class=\"elementor-element elementor-element-c9bdc80 elementor-widget elementor-widget-theme-post-title elementor-page-title elementor-widget-heading\" data-id=\"c9bdc80\" data-element_type=\"widget\" data-widget_type=\"theme-post-title.default\">\n\t\t\t\t<div class=\"elementor-widget-container\">\n\t\t\t<h1 class=\"elementor-heading-title elementor-size-default\">Aldo Rebelo<\/h1>\t\t<\/div>\n\t\t\t\t<\/div>\n\t\t\t\t<div class=\"elementor-element elementor-element-26bd1fc elementor-widget elementor-widget-heading\" data-id=\"26bd1fc\" data-element_type=\"widget\" data-widget_type=\"heading.default\">\n\t\t\t\t<div class=\"elementor-widget-container\">\n\t\t\t<h2 class=\"elementor-heading-title elementor-size-default\">Relator do C\u00f3digo Florestal<\/h2>\t\t<\/div>\n\t\t\t\t<\/div>\n\t\t\t\t<div class=\"elementor-element elementor-element-172cab2 elementor-widget elementor-widget-text-editor\" data-id=\"172cab2\" data-element_type=\"widget\" data-widget_type=\"text-editor.default\">\n\t\t\t\t<div class=\"elementor-widget-container\">\n\t\t\t\t\t\t\tAldo Rebelo nasceu em Vi\u00e7osa-AL e \u00e9 jornalista. \r\nPresidente da Uni\u00e3o Nacional dos Estudantes (UNE) \u2013 1979\r\nVereador em S\u00e3o Paulo \u2013 1988\/1990 \u2013 PCdoB\r\nDeputado Federal por S\u00e3o Paulo \u2013 1990\/2014 \u2013 PCdoB (seis mandatos)\r\nPresidente do Grupo Parlamentar Brasil-China \u2013 1998\/2006\r\nRelator da Lei de Biosseguran\u00e7a (1995)\r\nL\u00edder do PCdoB na C\u00e2mara dos Deputados \u2013 1993\/1997\r\nPresidente da Comiss\u00e3o de Rela\u00e7\u00f5es Exteriores e de Defesa Nacional \u2013 2002\r\nL\u00edder do Governo na C\u00e2mara dos Deputados \u2013 2003\r\nRelator do Novo C\u00f3digo Florestal Brasileiro \r\nMinistro-Chefe da Secretaria de Coordena\u00e7\u00e3o Pol\u00edtica e Rela\u00e7\u00f5es Institucionais \u2013 2004\r\nPresidente da C\u00e2mara dos Deputados \u2013 2005\/2007\r\nMinistro de Estado do Esporte \u2013 2011\/2014\r\nMinistro de Estado da Ci\u00eancia, Tecnologia e Inova\u00e7\u00e3o \u2013 2015\r\nMinistro de Estado da Defesa \u2013 2016\r\nSecret\u00e1rio da Casa Civil do Governo de S\u00e3o Paulo \u2013 2018\r\n\r\nLivros publicados: \r\n\r\nNo olho do Furac\u00e3o\r\nO \u00edndio e a quest\u00e3o nacional\r\nPol\u00edtica de Defesa para o S\u00e9culo XXI\r\nPol\u00edtica Externa para o S\u00e9culo XXI\r\nO Jogo Vermelho\r\nO Quinto Movimento \u2013 Propostas para uma constru\u00e7\u00e3o inacabada.\t\t\t\t\t\t<\/div>\n\t\t\t\t<\/div>\n\t\t\t\t\t<\/div>\n\t\t<\/div>\n\t\t\t\t\t\t\t<\/div>\n\t\t<\/section>\n\t\t\t\t\t\t<\/div>\n\t\t\t\t<\/article>\n\t\t\t\t<article id=\"post-2974\" class=\"elementor-post elementor-grid-item ecs-post-loop post-2974 speaker type-speaker status-publish has-post-thumbnail hentry\">\n\t\t\t\t<div data-elementor-type=\"loop\" data-elementor-id=\"480\" class=\"elementor elementor-480 post-2974 speaker type-speaker status-publish has-post-thumbnail hentry\">\n\t\t\t\t\t\t\t\t<section class=\"elementor-section elementor-top-section elementor-element elementor-element-9acedee elementor-section-boxed elementor-section-height-default elementor-section-height-default\" data-id=\"9acedee\" data-element_type=\"section\" data-settings=\"{&quot;background_background&quot;:&quot;classic&quot;}\">\n\t\t\t\t\t\t<div class=\"elementor-container elementor-column-gap-default\">\n\t\t\t\t\t<div class=\"elementor-column elementor-col-50 elementor-top-column elementor-element elementor-element-0ca81ff\" data-id=\"0ca81ff\" data-element_type=\"column\" data-settings=\"{&quot;background_background&quot;:&quot;classic&quot;}\">\n\t\t\t<div class=\"elementor-widget-wrap elementor-element-populated\">\n\t\t\t\t\t\t\t\t<div class=\"elementor-element elementor-element-08f6495 elementor-widget elementor-widget-theme-post-featured-image elementor-widget-image\" data-id=\"08f6495\" data-element_type=\"widget\" data-widget_type=\"theme-post-featured-image.default\">\n\t\t\t\t<div class=\"elementor-widget-container\">\n\t\t\t\t\t\t\t\t\t\t\t\t\t\t\t<img loading=\"lazy\" decoding=\"async\" width=\"1200\" height=\"1200\" src=\"https:\/\/sistemafamato.org.br\/famatoembrapashow\/wp-content\/uploads\/sites\/5\/2022\/06\/Alexandre-Alonso.jpg\" class=\"attachment-full size-full\" alt=\"\" srcset=\"https:\/\/sistemafamato.org.br\/famatoembrapashow\/wp-content\/uploads\/sites\/5\/2022\/06\/Alexandre-Alonso.jpg 1200w, https:\/\/sistemafamato.org.br\/famatoembrapashow\/wp-content\/uploads\/sites\/5\/2022\/06\/Alexandre-Alonso-300x300.jpg 300w, https:\/\/sistemafamato.org.br\/famatoembrapashow\/wp-content\/uploads\/sites\/5\/2022\/06\/Alexandre-Alonso-1024x1024.jpg 1024w, https:\/\/sistemafamato.org.br\/famatoembrapashow\/wp-content\/uploads\/sites\/5\/2022\/06\/Alexandre-Alonso-150x150.jpg 150w, https:\/\/sistemafamato.org.br\/famatoembrapashow\/wp-content\/uploads\/sites\/5\/2022\/06\/Alexandre-Alonso-768x768.jpg 768w\" sizes=\"auto, (max-width: 1200px) 100vw, 1200px\" \/>\t\t\t\t\t\t\t\t\t\t\t\t\t\t\t<\/div>\n\t\t\t\t<\/div>\n\t\t\t\t\t<\/div>\n\t\t<\/div>\n\t\t\t\t<div class=\"elementor-column elementor-col-50 elementor-top-column elementor-element elementor-element-a5e8a61\" data-id=\"a5e8a61\" data-element_type=\"column\" data-settings=\"{&quot;background_background&quot;:&quot;classic&quot;}\">\n\t\t\t<div class=\"elementor-widget-wrap elementor-element-populated\">\n\t\t\t\t\t\t\t\t<div class=\"elementor-element elementor-element-c9bdc80 elementor-widget elementor-widget-theme-post-title elementor-page-title elementor-widget-heading\" data-id=\"c9bdc80\" data-element_type=\"widget\" data-widget_type=\"theme-post-title.default\">\n\t\t\t\t<div class=\"elementor-widget-container\">\n\t\t\t<h1 class=\"elementor-heading-title elementor-size-default\">Alexandre Alonso Alves<\/h1>\t\t<\/div>\n\t\t\t\t<\/div>\n\t\t\t\t<div class=\"elementor-element elementor-element-26bd1fc elementor-widget elementor-widget-heading\" data-id=\"26bd1fc\" data-element_type=\"widget\" data-widget_type=\"heading.default\">\n\t\t\t\t<div class=\"elementor-widget-container\">\n\t\t\t<h2 class=\"elementor-heading-title elementor-size-default\">Chefe-Geral do Centro Nacional de Pesquisa em Agroenergia<\/h2>\t\t<\/div>\n\t\t\t\t<\/div>\n\t\t\t\t<div class=\"elementor-element elementor-element-172cab2 elementor-widget elementor-widget-text-editor\" data-id=\"172cab2\" data-element_type=\"widget\" data-widget_type=\"text-editor.default\">\n\t\t\t\t<div class=\"elementor-widget-container\">\n\t\t\t\t\t\t\tFormado em Agronomia, com doutorado em Gen\u00e9tica e Melhoramento, \u00e9 pesquisador da Empresa Brasileira de Pesquisa Agropecu\u00e1ria (Embrapa) e, atualmente, Chefe-Geral do Centro Nacional de Pesquisa em Agroenergia &#8211; Embrapa Agroenergia, um dos principais centros brasileiros de pesquisa em bioenergia \/ biocombust\u00edveis \/ bioprodutos \/ bioeconomia, juntamente com parceiros p\u00fablicos e privados no Brasil. Atua tamb\u00e9m como Coordenador de Planejamento e Neg\u00f3cios da Empresa Brasileira de Pesquisa e Inova\u00e7\u00e3o Industrial (Embrapii), em sua Unidade de Bioqu\u00edmica Renov\u00e1vel. Participa ativamente como membro convidado em v\u00e1rios comit\u00eas governamentais e privados relacionados \u00e0 bioenergia. Ensina Gen\u00e9tica Vegetal, Biotecnologia Vegetal e Agroenergia em algumas das universidades brasileiras de maior prest\u00edgio, como FGV e UFLA, e possui vasta experi\u00eancia em liderar equipes de pesquisa e inova\u00e7\u00e3o. Tamb\u00e9m participa ativamente como palestrante em eventos no Brasil, EUA, Europa, \u00c1sia e Oriente M\u00e9dio. Na Embrapa Agroenergia, atua como pesquisador desde 2011, tendo atuado ainda como Chefe-Adjunto de Pesquisa e Desenvolvimento Substituto (2014-2016) e como Chefe-Adjunto de Transfer\u00eancia de Tecnologia (2016-2020), antes de assumir em fevereiro de 2020 a Chefia-Geral do Centro de Pesquisa. \t\t\t\t\t\t<\/div>\n\t\t\t\t<\/div>\n\t\t\t\t\t<\/div>\n\t\t<\/div>\n\t\t\t\t\t\t\t<\/div>\n\t\t<\/section>\n\t\t\t\t\t\t<\/div>\n\t\t\t\t<\/article>\n\t\t\t\t<article id=\"post-2975\" class=\"elementor-post elementor-grid-item ecs-post-loop post-2975 speaker type-speaker status-publish has-post-thumbnail hentry\">\n\t\t\t\t<div data-elementor-type=\"loop\" data-elementor-id=\"480\" class=\"elementor elementor-480 post-2975 speaker type-speaker status-publish has-post-thumbnail hentry\">\n\t\t\t\t\t\t\t\t<section class=\"elementor-section elementor-top-section elementor-element elementor-element-9acedee elementor-section-boxed elementor-section-height-default elementor-section-height-default\" data-id=\"9acedee\" data-element_type=\"section\" data-settings=\"{&quot;background_background&quot;:&quot;classic&quot;}\">\n\t\t\t\t\t\t<div class=\"elementor-container elementor-column-gap-default\">\n\t\t\t\t\t<div class=\"elementor-column elementor-col-50 elementor-top-column elementor-element elementor-element-0ca81ff\" data-id=\"0ca81ff\" data-element_type=\"column\" data-settings=\"{&quot;background_background&quot;:&quot;classic&quot;}\">\n\t\t\t<div class=\"elementor-widget-wrap elementor-element-populated\">\n\t\t\t\t\t\t\t\t<div class=\"elementor-element elementor-element-08f6495 elementor-widget elementor-widget-theme-post-featured-image elementor-widget-image\" data-id=\"08f6495\" data-element_type=\"widget\" data-widget_type=\"theme-post-featured-image.default\">\n\t\t\t\t<div class=\"elementor-widget-container\">\n\t\t\t\t\t\t\t\t\t\t\t\t\t\t\t<img loading=\"lazy\" decoding=\"async\" width=\"1200\" height=\"1200\" src=\"https:\/\/sistemafamato.org.br\/famatoembrapashow\/wp-content\/uploads\/sites\/5\/2022\/06\/Alexandre.jpg\" class=\"attachment-full size-full\" alt=\"\" srcset=\"https:\/\/sistemafamato.org.br\/famatoembrapashow\/wp-content\/uploads\/sites\/5\/2022\/06\/Alexandre.jpg 1200w, https:\/\/sistemafamato.org.br\/famatoembrapashow\/wp-content\/uploads\/sites\/5\/2022\/06\/Alexandre-300x300.jpg 300w, https:\/\/sistemafamato.org.br\/famatoembrapashow\/wp-content\/uploads\/sites\/5\/2022\/06\/Alexandre-1024x1024.jpg 1024w, https:\/\/sistemafamato.org.br\/famatoembrapashow\/wp-content\/uploads\/sites\/5\/2022\/06\/Alexandre-150x150.jpg 150w, https:\/\/sistemafamato.org.br\/famatoembrapashow\/wp-content\/uploads\/sites\/5\/2022\/06\/Alexandre-768x768.jpg 768w\" sizes=\"auto, (max-width: 1200px) 100vw, 1200px\" \/>\t\t\t\t\t\t\t\t\t\t\t\t\t\t\t<\/div>\n\t\t\t\t<\/div>\n\t\t\t\t\t<\/div>\n\t\t<\/div>\n\t\t\t\t<div class=\"elementor-column elementor-col-50 elementor-top-column elementor-element elementor-element-a5e8a61\" data-id=\"a5e8a61\" data-element_type=\"column\" data-settings=\"{&quot;background_background&quot;:&quot;classic&quot;}\">\n\t\t\t<div class=\"elementor-widget-wrap elementor-element-populated\">\n\t\t\t\t\t\t\t\t<div class=\"elementor-element elementor-element-c9bdc80 elementor-widget elementor-widget-theme-post-title elementor-page-title elementor-widget-heading\" data-id=\"c9bdc80\" data-element_type=\"widget\" data-widget_type=\"theme-post-title.default\">\n\t\t\t\t<div class=\"elementor-widget-container\">\n\t\t\t<h1 class=\"elementor-heading-title elementor-size-default\">Alexandre Lima Nepomuceno<\/h1>\t\t<\/div>\n\t\t\t\t<\/div>\n\t\t\t\t<div class=\"elementor-element elementor-element-26bd1fc elementor-widget elementor-widget-heading\" data-id=\"26bd1fc\" data-element_type=\"widget\" data-widget_type=\"heading.default\">\n\t\t\t\t<div class=\"elementor-widget-container\">\n\t\t\t<h2 class=\"elementor-heading-title elementor-size-default\">Pesquisador Embrapa Soja<\/h2>\t\t<\/div>\n\t\t\t\t<\/div>\n\t\t\t\t<div class=\"elementor-element elementor-element-172cab2 elementor-widget elementor-widget-text-editor\" data-id=\"172cab2\" data-element_type=\"widget\" data-widget_type=\"text-editor.default\">\n\t\t\t\t<div class=\"elementor-widget-container\">\n\t\t\t\t\t\t\tPossui gradua\u00e7\u00e3o em Agronomia pela Universidade Federal do Rio Grande do Sul (1987), mestrado em Fitotecnia pela Universidade Federal do Rio Grande do Sul (1989), doutorado em Molecular Biology and Plant Physiology &#8211; University Of Arkansas (1998) e p\u00f3s-doutorado no Japan International Research Center for Agricultural Sciences &#8211; JIRCAS, Tsukuba, Jap\u00e3o (2000 e 2004). MBA em Gest\u00e3o de Projetos ESALQ\/USP (2021). Desde 1990 \u00e9 pesquisador da Empresa Brasileira de Pesquisa Agropecu\u00e1ria (EMBRAPA). \u00c9 Docente Titular no curso de P\u00f3s-Gradua\u00e7\u00e3o em Gen\u00e9tica e Biologia Molecular na Universidade Estadual de Londrina (desde 1999) e do curso de P\u00f3s-gradua\u00e7\u00e3o em Biotecnologia Ambiental na Universidade Estadual de Maring\u00e1 (desde 2012). Foi Membro Titular da Comiss\u00e3o T\u00e9cnica Nacional de Biosseguran\u00e7a (CTNBio) de 2001 a 2020 em 8 mandatos. De Set2011 a Set2013 coordenou o Programa LABEX US em Plant Biotechnology localizado no ARS\/USDA Plant Gene Expression Center, em Albany, California, USA. Foi Presidente do Portf\u00f3lio de Biotecnologia Avan\u00e7ada aplicada ao Agroneg\u00f3cio (BioTecAgro) da Embrapa de 2014 a 2020. \u00c9 Membro do Comit\u00ea Gestor do Instituto Nacional de Ci\u00eancia e Tecnologia em Biologia Sint\u00e9tica (INCT-BioSyn). \u00c9 membro Titular do Comit\u00ea Assessor do Centro Latino-Americano de Biotecnologia &#8211; CABBIO. Desde abril 2018 representa o Brasil, que participa como convidado, nas reuni\u00f5es da OECD nos grupos de discuss\u00e3o: Safety of Novel Foods and Feeds (WG-SNFF) e Harmonisation of Regulatory Oversight in Biotechnology (WG-HROB). Atualmente \u00e9 o Chefe-Geral do Centro Nacional de Pesquisa de Soja (Embrapa Soja). Tem experi\u00eancia na \u00e1rea de Fisiologia Vegetal, Biologia Molecular, Engenharia Gen\u00e9tica e Edi\u00e7\u00e3o de Genomas (sistemas CRISPR), Toler\u00e2ncia \u00e0 Seca, obten\u00e7\u00e3o e caracteriza\u00e7\u00e3o de Plantas Geneticamente Modificadas e Biosseguran\u00e7a de OGMs.\t\t\t\t\t\t<\/div>\n\t\t\t\t<\/div>\n\t\t\t\t\t<\/div>\n\t\t<\/div>\n\t\t\t\t\t\t\t<\/div>\n\t\t<\/section>\n\t\t\t\t\t\t<\/div>\n\t\t\t\t<\/article>\n\t\t\t\t<article id=\"post-2976\" class=\"elementor-post elementor-grid-item ecs-post-loop post-2976 speaker type-speaker status-publish has-post-thumbnail hentry\">\n\t\t\t\t<div data-elementor-type=\"loop\" data-elementor-id=\"480\" class=\"elementor elementor-480 post-2976 speaker type-speaker status-publish has-post-thumbnail hentry\">\n\t\t\t\t\t\t\t\t<section class=\"elementor-section elementor-top-section elementor-element elementor-element-9acedee elementor-section-boxed elementor-section-height-default elementor-section-height-default\" data-id=\"9acedee\" data-element_type=\"section\" data-settings=\"{&quot;background_background&quot;:&quot;classic&quot;}\">\n\t\t\t\t\t\t<div class=\"elementor-container elementor-column-gap-default\">\n\t\t\t\t\t<div class=\"elementor-column elementor-col-50 elementor-top-column elementor-element elementor-element-0ca81ff\" data-id=\"0ca81ff\" data-element_type=\"column\" data-settings=\"{&quot;background_background&quot;:&quot;classic&quot;}\">\n\t\t\t<div class=\"elementor-widget-wrap elementor-element-populated\">\n\t\t\t\t\t\t\t\t<div class=\"elementor-element elementor-element-08f6495 elementor-widget elementor-widget-theme-post-featured-image elementor-widget-image\" data-id=\"08f6495\" data-element_type=\"widget\" data-widget_type=\"theme-post-featured-image.default\">\n\t\t\t\t<div class=\"elementor-widget-container\">\n\t\t\t\t\t\t\t\t\t\t\t\t\t\t\t<img loading=\"lazy\" decoding=\"async\" width=\"1200\" height=\"1200\" src=\"https:\/\/sistemafamato.org.br\/famatoembrapashow\/wp-content\/uploads\/sites\/5\/2022\/06\/Anderson-Galvao.jpg\" class=\"attachment-full size-full\" alt=\"\" srcset=\"https:\/\/sistemafamato.org.br\/famatoembrapashow\/wp-content\/uploads\/sites\/5\/2022\/06\/Anderson-Galvao.jpg 1200w, https:\/\/sistemafamato.org.br\/famatoembrapashow\/wp-content\/uploads\/sites\/5\/2022\/06\/Anderson-Galvao-300x300.jpg 300w, https:\/\/sistemafamato.org.br\/famatoembrapashow\/wp-content\/uploads\/sites\/5\/2022\/06\/Anderson-Galvao-1024x1024.jpg 1024w, https:\/\/sistemafamato.org.br\/famatoembrapashow\/wp-content\/uploads\/sites\/5\/2022\/06\/Anderson-Galvao-150x150.jpg 150w, https:\/\/sistemafamato.org.br\/famatoembrapashow\/wp-content\/uploads\/sites\/5\/2022\/06\/Anderson-Galvao-768x768.jpg 768w\" sizes=\"auto, (max-width: 1200px) 100vw, 1200px\" \/>\t\t\t\t\t\t\t\t\t\t\t\t\t\t\t<\/div>\n\t\t\t\t<\/div>\n\t\t\t\t\t<\/div>\n\t\t<\/div>\n\t\t\t\t<div class=\"elementor-column elementor-col-50 elementor-top-column elementor-element elementor-element-a5e8a61\" data-id=\"a5e8a61\" data-element_type=\"column\" data-settings=\"{&quot;background_background&quot;:&quot;classic&quot;}\">\n\t\t\t<div class=\"elementor-widget-wrap elementor-element-populated\">\n\t\t\t\t\t\t\t\t<div class=\"elementor-element elementor-element-c9bdc80 elementor-widget elementor-widget-theme-post-title elementor-page-title elementor-widget-heading\" data-id=\"c9bdc80\" data-element_type=\"widget\" data-widget_type=\"theme-post-title.default\">\n\t\t\t\t<div class=\"elementor-widget-container\">\n\t\t\t<h1 class=\"elementor-heading-title elementor-size-default\">Anderson Galv\u00e3o<\/h1>\t\t<\/div>\n\t\t\t\t<\/div>\n\t\t\t\t<div class=\"elementor-element elementor-element-26bd1fc elementor-widget elementor-widget-heading\" data-id=\"26bd1fc\" data-element_type=\"widget\" data-widget_type=\"heading.default\">\n\t\t\t\t<div class=\"elementor-widget-container\">\n\t\t\t<h2 class=\"elementor-heading-title elementor-size-default\">Diretor da C\u00e9leres<\/h2>\t\t<\/div>\n\t\t\t\t<\/div>\n\t\t\t\t<div class=\"elementor-element elementor-element-172cab2 elementor-widget elementor-widget-text-editor\" data-id=\"172cab2\" data-element_type=\"widget\" data-widget_type=\"text-editor.default\">\n\t\t\t\t<div class=\"elementor-widget-container\">\n\t\t\t\t\t\t\tDiretor da C\u00e9leres\u00ae. Engenheiro agr\u00f4nomo com mais de 25 anos de experi\u00eancia em an\u00e1lise do ambiente competitivo do agroneg\u00f3cio brasileiro, tendo atuado em an\u00e1lises de planejamento estrat\u00e9gico e projetos de investimentos em diversas cadeias produtivas do setor agr\u00edcola, nacional e internacional.\t\t\t\t\t\t<\/div>\n\t\t\t\t<\/div>\n\t\t\t\t\t<\/div>\n\t\t<\/div>\n\t\t\t\t\t\t\t<\/div>\n\t\t<\/section>\n\t\t\t\t\t\t<\/div>\n\t\t\t\t<\/article>\n\t\t\t\t<article id=\"post-29421\" class=\"elementor-post elementor-grid-item ecs-post-loop post-29421 speaker type-speaker status-publish has-post-thumbnail hentry\">\n\t\t\t\t<div data-elementor-type=\"loop\" data-elementor-id=\"480\" class=\"elementor elementor-480 post-29421 speaker type-speaker status-publish has-post-thumbnail hentry\">\n\t\t\t\t\t\t\t\t<section class=\"elementor-section elementor-top-section elementor-element elementor-element-9acedee elementor-section-boxed elementor-section-height-default elementor-section-height-default\" data-id=\"9acedee\" data-element_type=\"section\" data-settings=\"{&quot;background_background&quot;:&quot;classic&quot;}\">\n\t\t\t\t\t\t<div class=\"elementor-container elementor-column-gap-default\">\n\t\t\t\t\t<div class=\"elementor-column elementor-col-50 elementor-top-column elementor-element elementor-element-0ca81ff\" data-id=\"0ca81ff\" data-element_type=\"column\" data-settings=\"{&quot;background_background&quot;:&quot;classic&quot;}\">\n\t\t\t<div class=\"elementor-widget-wrap elementor-element-populated\">\n\t\t\t\t\t\t\t\t<div class=\"elementor-element elementor-element-08f6495 elementor-widget elementor-widget-theme-post-featured-image elementor-widget-image\" data-id=\"08f6495\" data-element_type=\"widget\" data-widget_type=\"theme-post-featured-image.default\">\n\t\t\t\t<div class=\"elementor-widget-container\">\n\t\t\t\t\t\t\t\t\t\t\t\t\t\t\t<img loading=\"lazy\" decoding=\"async\" width=\"2000\" height=\"2000\" src=\"https:\/\/sistemafamato.org.br\/famatoembrapashow\/wp-content\/uploads\/sites\/5\/2022\/06\/PALESTRANTE.jpg\" class=\"attachment-full size-full\" alt=\"\" srcset=\"https:\/\/sistemafamato.org.br\/famatoembrapashow\/wp-content\/uploads\/sites\/5\/2022\/06\/PALESTRANTE.jpg 2000w, https:\/\/sistemafamato.org.br\/famatoembrapashow\/wp-content\/uploads\/sites\/5\/2022\/06\/PALESTRANTE-300x300.jpg 300w, https:\/\/sistemafamato.org.br\/famatoembrapashow\/wp-content\/uploads\/sites\/5\/2022\/06\/PALESTRANTE-1024x1024.jpg 1024w, https:\/\/sistemafamato.org.br\/famatoembrapashow\/wp-content\/uploads\/sites\/5\/2022\/06\/PALESTRANTE-150x150.jpg 150w, https:\/\/sistemafamato.org.br\/famatoembrapashow\/wp-content\/uploads\/sites\/5\/2022\/06\/PALESTRANTE-768x768.jpg 768w, https:\/\/sistemafamato.org.br\/famatoembrapashow\/wp-content\/uploads\/sites\/5\/2022\/06\/PALESTRANTE-1536x1536.jpg 1536w\" sizes=\"auto, (max-width: 2000px) 100vw, 2000px\" \/>\t\t\t\t\t\t\t\t\t\t\t\t\t\t\t<\/div>\n\t\t\t\t<\/div>\n\t\t\t\t\t<\/div>\n\t\t<\/div>\n\t\t\t\t<div class=\"elementor-column elementor-col-50 elementor-top-column elementor-element elementor-element-a5e8a61\" data-id=\"a5e8a61\" data-element_type=\"column\" data-settings=\"{&quot;background_background&quot;:&quot;classic&quot;}\">\n\t\t\t<div class=\"elementor-widget-wrap elementor-element-populated\">\n\t\t\t\t\t\t\t\t<div class=\"elementor-element elementor-element-c9bdc80 elementor-widget elementor-widget-theme-post-title elementor-page-title elementor-widget-heading\" data-id=\"c9bdc80\" data-element_type=\"widget\" data-widget_type=\"theme-post-title.default\">\n\t\t\t\t<div class=\"elementor-widget-container\">\n\t\t\t<h1 class=\"elementor-heading-title elementor-size-default\">Austecl\u00ednio Lopes de Farias Neto<\/h1>\t\t<\/div>\n\t\t\t\t<\/div>\n\t\t\t\t<div class=\"elementor-element elementor-element-26bd1fc elementor-widget elementor-widget-heading\" data-id=\"26bd1fc\" data-element_type=\"widget\" data-widget_type=\"heading.default\">\n\t\t\t\t<div class=\"elementor-widget-container\">\n\t\t\t<h2 class=\"elementor-heading-title elementor-size-default\">Pesquisador\u00a0Embrapa Agrossilvipastoril<\/h2>\t\t<\/div>\n\t\t\t\t<\/div>\n\t\t\t\t<div class=\"elementor-element elementor-element-172cab2 elementor-widget elementor-widget-text-editor\" data-id=\"172cab2\" data-element_type=\"widget\" data-widget_type=\"text-editor.default\">\n\t\t\t\t<div class=\"elementor-widget-container\">\n\t\t\t\t\t\t\tPossui gradua\u00e7\u00e3o em Agronomia pela Universidade de Bras\u00edlia (1986), mestrado em Agronomia (Gen\u00e9tica e Melhoramento de Plantas) pela ESALQ, Universidade de S\u00e3o Paulo (1995), com \u00eanfase em gen\u00e9tica quantitativa e PhD em Plant Breeding and Genetics &#8211; University of Illinois (2005), com \u00eanfase em uso de marcadores moleculares no melhoramento de soja. Atualmente \u00e9 pesquisador da Empresa Brasileira de Pesquisa Agropecu\u00e1ria. Atua na \u00e1rea de Agronomia, com \u00eanfase em Melhoramento Vegetal e Sistemas integrados Lavoura Pecu\u00e1ria Floresta (iLPF).\t\t\t\t\t\t<\/div>\n\t\t\t\t<\/div>\n\t\t\t\t\t<\/div>\n\t\t<\/div>\n\t\t\t\t\t\t\t<\/div>\n\t\t<\/section>\n\t\t\t\t\t\t<\/div>\n\t\t\t\t<\/article>\n\t\t\t\t<article id=\"post-2298\" class=\"elementor-post elementor-grid-item ecs-post-loop post-2298 speaker type-speaker status-publish has-post-thumbnail hentry\">\n\t\t\t\t<div data-elementor-type=\"loop\" data-elementor-id=\"480\" class=\"elementor elementor-480 post-2298 speaker type-speaker status-publish has-post-thumbnail hentry\">\n\t\t\t\t\t\t\t\t<section class=\"elementor-section elementor-top-section elementor-element elementor-element-9acedee elementor-section-boxed elementor-section-height-default elementor-section-height-default\" data-id=\"9acedee\" data-element_type=\"section\" data-settings=\"{&quot;background_background&quot;:&quot;classic&quot;}\">\n\t\t\t\t\t\t<div class=\"elementor-container elementor-column-gap-default\">\n\t\t\t\t\t<div class=\"elementor-column elementor-col-50 elementor-top-column elementor-element elementor-element-0ca81ff\" data-id=\"0ca81ff\" data-element_type=\"column\" data-settings=\"{&quot;background_background&quot;:&quot;classic&quot;}\">\n\t\t\t<div class=\"elementor-widget-wrap elementor-element-populated\">\n\t\t\t\t\t\t\t\t<div class=\"elementor-element elementor-element-08f6495 elementor-widget elementor-widget-theme-post-featured-image elementor-widget-image\" data-id=\"08f6495\" data-element_type=\"widget\" data-widget_type=\"theme-post-featured-image.default\">\n\t\t\t\t<div class=\"elementor-widget-container\">\n\t\t\t\t\t\t\t\t\t\t\t\t\t\t\t<img loading=\"lazy\" decoding=\"async\" width=\"300\" height=\"300\" src=\"https:\/\/sistemafamato.org.br\/famatoembrapashow\/wp-content\/uploads\/sites\/5\/2022\/06\/Palestrante_Bruno_Laviola.jpg\" class=\"attachment-full size-full\" alt=\"\" srcset=\"https:\/\/sistemafamato.org.br\/famatoembrapashow\/wp-content\/uploads\/sites\/5\/2022\/06\/Palestrante_Bruno_Laviola.jpg 300w, https:\/\/sistemafamato.org.br\/famatoembrapashow\/wp-content\/uploads\/sites\/5\/2022\/06\/Palestrante_Bruno_Laviola-150x150.jpg 150w\" sizes=\"auto, (max-width: 300px) 100vw, 300px\" \/>\t\t\t\t\t\t\t\t\t\t\t\t\t\t\t<\/div>\n\t\t\t\t<\/div>\n\t\t\t\t\t<\/div>\n\t\t<\/div>\n\t\t\t\t<div class=\"elementor-column elementor-col-50 elementor-top-column elementor-element elementor-element-a5e8a61\" data-id=\"a5e8a61\" data-element_type=\"column\" data-settings=\"{&quot;background_background&quot;:&quot;classic&quot;}\">\n\t\t\t<div class=\"elementor-widget-wrap elementor-element-populated\">\n\t\t\t\t\t\t\t\t<div class=\"elementor-element elementor-element-c9bdc80 elementor-widget elementor-widget-theme-post-title elementor-page-title elementor-widget-heading\" data-id=\"c9bdc80\" data-element_type=\"widget\" data-widget_type=\"theme-post-title.default\">\n\t\t\t\t<div class=\"elementor-widget-container\">\n\t\t\t<h1 class=\"elementor-heading-title elementor-size-default\">Bruno Laviola<\/h1>\t\t<\/div>\n\t\t\t\t<\/div>\n\t\t\t\t<div class=\"elementor-element elementor-element-26bd1fc elementor-widget elementor-widget-heading\" data-id=\"26bd1fc\" data-element_type=\"widget\" data-widget_type=\"heading.default\">\n\t\t\t\t<div class=\"elementor-widget-container\">\n\t\t\t<h2 class=\"elementor-heading-title elementor-size-default\">Chefe Adjunto de Pesquisa e Desenvolvimento na Embrapa Agroenergia<\/h2>\t\t<\/div>\n\t\t\t\t<\/div>\n\t\t\t\t<div class=\"elementor-element elementor-element-172cab2 elementor-widget elementor-widget-text-editor\" data-id=\"172cab2\" data-element_type=\"widget\" data-widget_type=\"text-editor.default\">\n\t\t\t\t<div class=\"elementor-widget-container\">\n\t\t\t\t\t\t\tPossui gradua\u00e7\u00e3o em Agronomia pela Universidade Federal do Esp\u00edrito Santo e Mestrado e Doutorado em Fitotecnia (Produ\u00e7\u00e3o Vegetal) pela Universidade Federal de Vi\u00e7osa. \u00c9 Chefe Adjunto de Pesquisa e Desenvolvimento na Embrapa Agroenergia. Bolsista de Produtividade em Pesquisa pelo CNPq (PQ1C). Professor da Funda\u00e7\u00e3o Get\u00falio Vargas do curso de Mestrado Profissional em Agroneg\u00f3cio. Professor do Curso de P\u00f3s-Gradua\u00e7\u00e3o em Bioenergia pela Universidade Estadual de Londrina (UEL). Representante da Embrapa na C\u00e2mara Setorial de Oleaginosas e Biodiesel (CSOB\/MAPA).\t\t\t\t\t\t<\/div>\n\t\t\t\t<\/div>\n\t\t\t\t\t<\/div>\n\t\t<\/div>\n\t\t\t\t\t\t\t<\/div>\n\t\t<\/section>\n\t\t\t\t\t\t<\/div>\n\t\t\t\t<\/article>\n\t\t\t\t<article id=\"post-28949\" class=\"elementor-post elementor-grid-item ecs-post-loop post-28949 speaker type-speaker status-publish has-post-thumbnail hentry\">\n\t\t\t\t<div data-elementor-type=\"loop\" data-elementor-id=\"480\" class=\"elementor elementor-480 post-28949 speaker type-speaker status-publish has-post-thumbnail hentry\">\n\t\t\t\t\t\t\t\t<section class=\"elementor-section elementor-top-section elementor-element elementor-element-9acedee elementor-section-boxed elementor-section-height-default elementor-section-height-default\" data-id=\"9acedee\" data-element_type=\"section\" data-settings=\"{&quot;background_background&quot;:&quot;classic&quot;}\">\n\t\t\t\t\t\t<div class=\"elementor-container elementor-column-gap-default\">\n\t\t\t\t\t<div class=\"elementor-column elementor-col-50 elementor-top-column elementor-element elementor-element-0ca81ff\" data-id=\"0ca81ff\" data-element_type=\"column\" data-settings=\"{&quot;background_background&quot;:&quot;classic&quot;}\">\n\t\t\t<div class=\"elementor-widget-wrap elementor-element-populated\">\n\t\t\t\t\t\t\t\t<div class=\"elementor-element elementor-element-08f6495 elementor-widget elementor-widget-theme-post-featured-image elementor-widget-image\" data-id=\"08f6495\" data-element_type=\"widget\" data-widget_type=\"theme-post-featured-image.default\">\n\t\t\t\t<div class=\"elementor-widget-container\">\n\t\t\t\t\t\t\t\t\t\t\t\t\t\t\t<img loading=\"lazy\" decoding=\"async\" width=\"1400\" height=\"1400\" src=\"https:\/\/sistemafamato.org.br\/famatoembrapashow\/wp-content\/uploads\/sites\/5\/2022\/06\/CHRISTIANE-ABREU.jpg\" class=\"attachment-full size-full\" alt=\"\" srcset=\"https:\/\/sistemafamato.org.br\/famatoembrapashow\/wp-content\/uploads\/sites\/5\/2022\/06\/CHRISTIANE-ABREU.jpg 1400w, https:\/\/sistemafamato.org.br\/famatoembrapashow\/wp-content\/uploads\/sites\/5\/2022\/06\/CHRISTIANE-ABREU-300x300.jpg 300w, https:\/\/sistemafamato.org.br\/famatoembrapashow\/wp-content\/uploads\/sites\/5\/2022\/06\/CHRISTIANE-ABREU-1024x1024.jpg 1024w, https:\/\/sistemafamato.org.br\/famatoembrapashow\/wp-content\/uploads\/sites\/5\/2022\/06\/CHRISTIANE-ABREU-150x150.jpg 150w, https:\/\/sistemafamato.org.br\/famatoembrapashow\/wp-content\/uploads\/sites\/5\/2022\/06\/CHRISTIANE-ABREU-768x768.jpg 768w\" sizes=\"auto, (max-width: 1400px) 100vw, 1400px\" \/>\t\t\t\t\t\t\t\t\t\t\t\t\t\t\t<\/div>\n\t\t\t\t<\/div>\n\t\t\t\t\t<\/div>\n\t\t<\/div>\n\t\t\t\t<div class=\"elementor-column elementor-col-50 elementor-top-column elementor-element elementor-element-a5e8a61\" data-id=\"a5e8a61\" data-element_type=\"column\" data-settings=\"{&quot;background_background&quot;:&quot;classic&quot;}\">\n\t\t\t<div class=\"elementor-widget-wrap elementor-element-populated\">\n\t\t\t\t\t\t\t\t<div class=\"elementor-element elementor-element-c9bdc80 elementor-widget elementor-widget-theme-post-title elementor-page-title elementor-widget-heading\" data-id=\"c9bdc80\" data-element_type=\"widget\" data-widget_type=\"theme-post-title.default\">\n\t\t\t\t<div class=\"elementor-widget-container\">\n\t\t\t<h1 class=\"elementor-heading-title elementor-size-default\">Christiane Abreu<\/h1>\t\t<\/div>\n\t\t\t\t<\/div>\n\t\t\t\t<div class=\"elementor-element elementor-element-26bd1fc elementor-widget elementor-widget-heading\" data-id=\"26bd1fc\" data-element_type=\"widget\" data-widget_type=\"heading.default\">\n\t\t\t\t<div class=\"elementor-widget-container\">\n\t\t\t<h2 class=\"elementor-heading-title elementor-size-default\">Pesquisadora Embrapa Milho e Sorgo<\/h2>\t\t<\/div>\n\t\t\t\t<\/div>\n\t\t\t\t<div class=\"elementor-element elementor-element-172cab2 elementor-widget elementor-widget-text-editor\" data-id=\"172cab2\" data-element_type=\"widget\" data-widget_type=\"text-editor.default\">\n\t\t\t\t<div class=\"elementor-widget-container\">\n\t\t\t\t\t\t\tDoutorado em Intera\u00e7\u00e3o Planta-Microrganismos (Biologia Vegetal), pela Universidade Federal de Minas Gerais (2007), mestrado em Intera\u00e7\u00e3o Planta-Microrganismos (Ecologia, Conserva\u00e7\u00e3o e Manejo) pela Universidade Federal de Minas Gerais (2001) e gradua\u00e7\u00e3o em Agronomia pela Universidade Federal de Vi\u00e7osa (1994). Atualmente \u00e9 pesquisadora A da Embrapa Milho e Sorgo, na \u00e1rea de Microbiologia e bioqu\u00edmica do solo. Foi Curadora da Cole\u00e7\u00e3o de Microrganismos Multifuncionais da Embrapa Milho e Sorgo, de 2010 a 2019.Tem experi\u00eancia na \u00e1rea de Ensino e gest\u00e3o, como professora de gradua\u00e7\u00e3o (10 anos) e mestrado stric sensu ( desde 2014) e como coordenadora do curso de Engenharia Ambiental no Centro Universit\u00e1rio de Sete Lagoas (2 anos). Membro do Confert (Conselho Nacional de Fertilizantes). Em 2022, recebeu o pr\u00eamio nacional de m\u00e9rito cient\u00edfico da Embrapa\/MAPA. Atua em projetos de pesquisa e desenvolvimento tecnol\u00f3gico nacionais e internacionais como coordenadora e membro de equipe do Bill Melinda Gates Foundation\/MarketPlace, Macroprograma Embrapa Milho e Sorgo, Fapemig, INCT\/CNPq, CPNPq, parceiros privados, nos seguintes temas: microrganismos solubilizadores e mineralizadores de fosfatos, bioprodutos para nutrientes e controle biol\u00f3gico de doen\u00e7as, microrganismos promotores de crescimento, bioqu\u00edmica do solo e intera\u00e7\u00e3o planta-solo-microrganismos.\t\t\t\t\t\t<\/div>\n\t\t\t\t<\/div>\n\t\t\t\t\t<\/div>\n\t\t<\/div>\n\t\t\t\t\t\t\t<\/div>\n\t\t<\/section>\n\t\t\t\t\t\t<\/div>\n\t\t\t\t<\/article>\n\t\t\t\t<article id=\"post-28951\" class=\"elementor-post elementor-grid-item ecs-post-loop post-28951 speaker type-speaker status-publish has-post-thumbnail hentry\">\n\t\t\t\t<div data-elementor-type=\"loop\" data-elementor-id=\"480\" class=\"elementor elementor-480 post-28951 speaker type-speaker status-publish has-post-thumbnail hentry\">\n\t\t\t\t\t\t\t\t<section class=\"elementor-section elementor-top-section elementor-element elementor-element-9acedee elementor-section-boxed elementor-section-height-default elementor-section-height-default\" data-id=\"9acedee\" data-element_type=\"section\" data-settings=\"{&quot;background_background&quot;:&quot;classic&quot;}\">\n\t\t\t\t\t\t<div class=\"elementor-container elementor-column-gap-default\">\n\t\t\t\t\t<div class=\"elementor-column elementor-col-50 elementor-top-column elementor-element elementor-element-0ca81ff\" data-id=\"0ca81ff\" data-element_type=\"column\" data-settings=\"{&quot;background_background&quot;:&quot;classic&quot;}\">\n\t\t\t<div class=\"elementor-widget-wrap elementor-element-populated\">\n\t\t\t\t\t\t\t\t<div class=\"elementor-element elementor-element-08f6495 elementor-widget elementor-widget-theme-post-featured-image elementor-widget-image\" data-id=\"08f6495\" data-element_type=\"widget\" data-widget_type=\"theme-post-featured-image.default\">\n\t\t\t\t<div class=\"elementor-widget-container\">\n\t\t\t\t\t\t\t\t\t\t\t\t\t\t\t<img loading=\"lazy\" decoding=\"async\" width=\"1400\" height=\"1400\" src=\"https:\/\/sistemafamato.org.br\/famatoembrapashow\/wp-content\/uploads\/sites\/5\/2022\/06\/WRUCK.jpg\" class=\"attachment-full size-full\" alt=\"\" srcset=\"https:\/\/sistemafamato.org.br\/famatoembrapashow\/wp-content\/uploads\/sites\/5\/2022\/06\/WRUCK.jpg 1400w, https:\/\/sistemafamato.org.br\/famatoembrapashow\/wp-content\/uploads\/sites\/5\/2022\/06\/WRUCK-300x300.jpg 300w, https:\/\/sistemafamato.org.br\/famatoembrapashow\/wp-content\/uploads\/sites\/5\/2022\/06\/WRUCK-1024x1024.jpg 1024w, https:\/\/sistemafamato.org.br\/famatoembrapashow\/wp-content\/uploads\/sites\/5\/2022\/06\/WRUCK-150x150.jpg 150w, https:\/\/sistemafamato.org.br\/famatoembrapashow\/wp-content\/uploads\/sites\/5\/2022\/06\/WRUCK-768x768.jpg 768w\" sizes=\"auto, (max-width: 1400px) 100vw, 1400px\" \/>\t\t\t\t\t\t\t\t\t\t\t\t\t\t\t<\/div>\n\t\t\t\t<\/div>\n\t\t\t\t\t<\/div>\n\t\t<\/div>\n\t\t\t\t<div class=\"elementor-column elementor-col-50 elementor-top-column elementor-element elementor-element-a5e8a61\" data-id=\"a5e8a61\" data-element_type=\"column\" data-settings=\"{&quot;background_background&quot;:&quot;classic&quot;}\">\n\t\t\t<div class=\"elementor-widget-wrap elementor-element-populated\">\n\t\t\t\t\t\t\t\t<div class=\"elementor-element elementor-element-c9bdc80 elementor-widget elementor-widget-theme-post-title elementor-page-title elementor-widget-heading\" data-id=\"c9bdc80\" data-element_type=\"widget\" data-widget_type=\"theme-post-title.default\">\n\t\t\t\t<div class=\"elementor-widget-container\">\n\t\t\t<h1 class=\"elementor-heading-title elementor-size-default\">Fl\u00e1vio Jesus Wruck<\/h1>\t\t<\/div>\n\t\t\t\t<\/div>\n\t\t\t\t<div class=\"elementor-element elementor-element-26bd1fc elementor-widget elementor-widget-heading\" data-id=\"26bd1fc\" data-element_type=\"widget\" data-widget_type=\"heading.default\">\n\t\t\t\t<div class=\"elementor-widget-container\">\n\t\t\t<h2 class=\"elementor-heading-title elementor-size-default\">Pesquisador Embrapa Agrossilvipastoril<\/h2>\t\t<\/div>\n\t\t\t\t<\/div>\n\t\t\t\t<div class=\"elementor-element elementor-element-172cab2 elementor-widget elementor-widget-text-editor\" data-id=\"172cab2\" data-element_type=\"widget\" data-widget_type=\"text-editor.default\">\n\t\t\t\t<div class=\"elementor-widget-container\">\n\t\t\t\t\t\t\tEngenheiro Agr\u00f4nomo (1993) e Mestre em Fitotecnia (1997), ambos pela Universidade Federal de Vi\u00e7osa (UFV).\r\nEx-professor dos ensinos fundamental, m\u00e9dio, tecnol\u00f3gico e superior \u00e9, desde setembro\/2004, Pesquisador da Embrapa onde atua na fitotecnia dentro do desenvolvimento e valida\u00e7\u00e3o de sistemas de produ\u00e7\u00e3o agr\u00edcola sustent\u00e1veis, com \u00eanfase na Integra\u00e7\u00e3o Lavoura-Pecu\u00e1ria-Floresta (ILPF).\r\nNa tem\u00e1tica ILPF, tem coordenado diversos projetos de \u201cValida\u00e7\u00e3o e Transfer\u00eancia de tecnologias em sistemas de Integra\u00e7\u00e3o Lavoura-Pecu\u00e1ria-Floresta para o Estado do Mato Grosso desde 2007\u201d. Al\u00e9m de coordenar e palestrar em mais de duas centenas de eventos ao longo dos 17 anos de Embrapa, \u00e9 autor ou coautor de mais de 50 publica\u00e7\u00f5es nesta tem\u00e1tica.\r\nDeste setembro de 2019, al\u00e9m de pesquisador, ocupa o cargo de Chefe-Adjunto de Transfer\u00eancia de Tecnologia da Embrapa Agrossilvipastoril em Sinop (MT).\t\t\t\t\t\t<\/div>\n\t\t\t\t<\/div>\n\t\t\t\t\t<\/div>\n\t\t<\/div>\n\t\t\t\t\t\t\t<\/div>\n\t\t<\/section>\n\t\t\t\t\t\t<\/div>\n\t\t\t\t<\/article>\n\t\t\t\t<article id=\"post-2977\" class=\"elementor-post elementor-grid-item ecs-post-loop post-2977 speaker type-speaker status-publish has-post-thumbnail hentry\">\n\t\t\t\t<div data-elementor-type=\"loop\" data-elementor-id=\"480\" class=\"elementor elementor-480 post-2977 speaker type-speaker status-publish has-post-thumbnail hentry\">\n\t\t\t\t\t\t\t\t<section class=\"elementor-section elementor-top-section elementor-element elementor-element-9acedee elementor-section-boxed elementor-section-height-default elementor-section-height-default\" data-id=\"9acedee\" data-element_type=\"section\" data-settings=\"{&quot;background_background&quot;:&quot;classic&quot;}\">\n\t\t\t\t\t\t<div class=\"elementor-container elementor-column-gap-default\">\n\t\t\t\t\t<div class=\"elementor-column elementor-col-50 elementor-top-column elementor-element elementor-element-0ca81ff\" data-id=\"0ca81ff\" data-element_type=\"column\" data-settings=\"{&quot;background_background&quot;:&quot;classic&quot;}\">\n\t\t\t<div class=\"elementor-widget-wrap elementor-element-populated\">\n\t\t\t\t\t\t\t\t<div class=\"elementor-element elementor-element-08f6495 elementor-widget elementor-widget-theme-post-featured-image elementor-widget-image\" data-id=\"08f6495\" data-element_type=\"widget\" data-widget_type=\"theme-post-featured-image.default\">\n\t\t\t\t<div class=\"elementor-widget-container\">\n\t\t\t\t\t\t\t\t\t\t\t\t\t\t\t<img loading=\"lazy\" decoding=\"async\" width=\"1200\" height=\"1200\" src=\"https:\/\/sistemafamato.org.br\/famatoembrapashow\/wp-content\/uploads\/sites\/5\/2022\/06\/Henrique.jpg\" class=\"attachment-full size-full\" alt=\"\" srcset=\"https:\/\/sistemafamato.org.br\/famatoembrapashow\/wp-content\/uploads\/sites\/5\/2022\/06\/Henrique.jpg 1200w, https:\/\/sistemafamato.org.br\/famatoembrapashow\/wp-content\/uploads\/sites\/5\/2022\/06\/Henrique-300x300.jpg 300w, https:\/\/sistemafamato.org.br\/famatoembrapashow\/wp-content\/uploads\/sites\/5\/2022\/06\/Henrique-1024x1024.jpg 1024w, https:\/\/sistemafamato.org.br\/famatoembrapashow\/wp-content\/uploads\/sites\/5\/2022\/06\/Henrique-150x150.jpg 150w, https:\/\/sistemafamato.org.br\/famatoembrapashow\/wp-content\/uploads\/sites\/5\/2022\/06\/Henrique-768x768.jpg 768w\" sizes=\"auto, (max-width: 1200px) 100vw, 1200px\" \/>\t\t\t\t\t\t\t\t\t\t\t\t\t\t\t<\/div>\n\t\t\t\t<\/div>\n\t\t\t\t\t<\/div>\n\t\t<\/div>\n\t\t\t\t<div class=\"elementor-column elementor-col-50 elementor-top-column elementor-element elementor-element-a5e8a61\" data-id=\"a5e8a61\" data-element_type=\"column\" data-settings=\"{&quot;background_background&quot;:&quot;classic&quot;}\">\n\t\t\t<div class=\"elementor-widget-wrap elementor-element-populated\">\n\t\t\t\t\t\t\t\t<div class=\"elementor-element elementor-element-c9bdc80 elementor-widget elementor-widget-theme-post-title elementor-page-title elementor-widget-heading\" data-id=\"c9bdc80\" data-element_type=\"widget\" data-widget_type=\"theme-post-title.default\">\n\t\t\t\t<div class=\"elementor-widget-container\">\n\t\t\t<h1 class=\"elementor-heading-title elementor-size-default\">Henrique Debiasi<\/h1>\t\t<\/div>\n\t\t\t\t<\/div>\n\t\t\t\t<div class=\"elementor-element elementor-element-26bd1fc elementor-widget elementor-widget-heading\" data-id=\"26bd1fc\" data-element_type=\"widget\" data-widget_type=\"heading.default\">\n\t\t\t\t<div class=\"elementor-widget-container\">\n\t\t\t<h2 class=\"elementor-heading-title elementor-size-default\">Pesquisador Embrapa Soja<\/h2>\t\t<\/div>\n\t\t\t\t<\/div>\n\t\t\t\t<div class=\"elementor-element elementor-element-172cab2 elementor-widget elementor-widget-text-editor\" data-id=\"172cab2\" data-element_type=\"widget\" data-widget_type=\"text-editor.default\">\n\t\t\t\t<div class=\"elementor-widget-container\">\n\t\t\t\t\t\t\tEngenheiro Agr\u00f4nomo, Dr. em Ci\u00eancia do Solo e pesquisador da Embrapa Soja desde 2008. Integra a equipe de manejo do solo e da cultura, atuando em atividades de pesquisa e transfer\u00eancia de tecnologias principalmente nos seguintes temas: Sistema Plantio Direto, Intensifica\u00e7\u00e3o Sustent\u00e1vel, Estrutura do Solo e Indicadores de Qualidade de Manejo. \u00c9 coordenador do Programa Soja Baixo Carbono (SBC), desenvolvido pela Embrapa Soja.\t\t\t\t\t\t<\/div>\n\t\t\t\t<\/div>\n\t\t\t\t\t<\/div>\n\t\t<\/div>\n\t\t\t\t\t\t\t<\/div>\n\t\t<\/section>\n\t\t\t\t\t\t<\/div>\n\t\t\t\t<\/article>\n\t\t\t\t<article id=\"post-2978\" class=\"elementor-post elementor-grid-item ecs-post-loop post-2978 speaker type-speaker status-publish has-post-thumbnail hentry\">\n\t\t\t\t<div data-elementor-type=\"loop\" data-elementor-id=\"480\" class=\"elementor elementor-480 post-2978 speaker type-speaker status-publish has-post-thumbnail hentry\">\n\t\t\t\t\t\t\t\t<section class=\"elementor-section elementor-top-section elementor-element elementor-element-9acedee elementor-section-boxed elementor-section-height-default elementor-section-height-default\" data-id=\"9acedee\" data-element_type=\"section\" data-settings=\"{&quot;background_background&quot;:&quot;classic&quot;}\">\n\t\t\t\t\t\t<div class=\"elementor-container elementor-column-gap-default\">\n\t\t\t\t\t<div class=\"elementor-column elementor-col-50 elementor-top-column elementor-element elementor-element-0ca81ff\" data-id=\"0ca81ff\" data-element_type=\"column\" data-settings=\"{&quot;background_background&quot;:&quot;classic&quot;}\">\n\t\t\t<div class=\"elementor-widget-wrap elementor-element-populated\">\n\t\t\t\t\t\t\t\t<div class=\"elementor-element elementor-element-08f6495 elementor-widget elementor-widget-theme-post-featured-image elementor-widget-image\" data-id=\"08f6495\" data-element_type=\"widget\" data-widget_type=\"theme-post-featured-image.default\">\n\t\t\t\t<div class=\"elementor-widget-container\">\n\t\t\t\t\t\t\t\t\t\t\t\t\t\t\t<img loading=\"lazy\" decoding=\"async\" width=\"1200\" height=\"1200\" src=\"https:\/\/sistemafamato.org.br\/famatoembrapashow\/wp-content\/uploads\/sites\/5\/2022\/06\/Ieda.jpg\" class=\"attachment-full size-full\" alt=\"\" srcset=\"https:\/\/sistemafamato.org.br\/famatoembrapashow\/wp-content\/uploads\/sites\/5\/2022\/06\/Ieda.jpg 1200w, https:\/\/sistemafamato.org.br\/famatoembrapashow\/wp-content\/uploads\/sites\/5\/2022\/06\/Ieda-300x300.jpg 300w, https:\/\/sistemafamato.org.br\/famatoembrapashow\/wp-content\/uploads\/sites\/5\/2022\/06\/Ieda-1024x1024.jpg 1024w, https:\/\/sistemafamato.org.br\/famatoembrapashow\/wp-content\/uploads\/sites\/5\/2022\/06\/Ieda-150x150.jpg 150w, https:\/\/sistemafamato.org.br\/famatoembrapashow\/wp-content\/uploads\/sites\/5\/2022\/06\/Ieda-768x768.jpg 768w\" sizes=\"auto, (max-width: 1200px) 100vw, 1200px\" \/>\t\t\t\t\t\t\t\t\t\t\t\t\t\t\t<\/div>\n\t\t\t\t<\/div>\n\t\t\t\t\t<\/div>\n\t\t<\/div>\n\t\t\t\t<div class=\"elementor-column elementor-col-50 elementor-top-column elementor-element elementor-element-a5e8a61\" data-id=\"a5e8a61\" data-element_type=\"column\" data-settings=\"{&quot;background_background&quot;:&quot;classic&quot;}\">\n\t\t\t<div class=\"elementor-widget-wrap elementor-element-populated\">\n\t\t\t\t\t\t\t\t<div class=\"elementor-element elementor-element-c9bdc80 elementor-widget elementor-widget-theme-post-title elementor-page-title elementor-widget-heading\" data-id=\"c9bdc80\" data-element_type=\"widget\" data-widget_type=\"theme-post-title.default\">\n\t\t\t\t<div class=\"elementor-widget-container\">\n\t\t\t<h1 class=\"elementor-heading-title elementor-size-default\">I\u00eada de Carvalho Mendes<\/h1>\t\t<\/div>\n\t\t\t\t<\/div>\n\t\t\t\t<div class=\"elementor-element elementor-element-26bd1fc elementor-widget elementor-widget-heading\" data-id=\"26bd1fc\" data-element_type=\"widget\" data-widget_type=\"heading.default\">\n\t\t\t\t<div class=\"elementor-widget-container\">\n\t\t\t<h2 class=\"elementor-heading-title elementor-size-default\">Pesquisadora Embrapa Cerrados<\/h2>\t\t<\/div>\n\t\t\t\t<\/div>\n\t\t\t\t<div class=\"elementor-element elementor-element-172cab2 elementor-widget elementor-widget-text-editor\" data-id=\"172cab2\" data-element_type=\"widget\" data-widget_type=\"text-editor.default\">\n\t\t\t\t<div class=\"elementor-widget-container\">\n\t\t\t\t\t\t\tAgr\u00f4noma formada  pela UnB  Universidade de Bras\u00edlia (1987) com  doutorado em Soil Science pela Oregon State University (1997). \u00c9 pesquisadora da Embrapa desde 1989 e trabalha na Embrapa Cerrados. Sua \u00e1rea de pesquisa \u00e9 Microbiologia do Solo. Participou dos trabalhos que culminaram com o lan\u00e7amento das estirpes SEMIA 5080 e SEMIA 5079 em 1993 e que s\u00e3o utilizadas at\u00e9 hoje no inoculante comercial de soja. Como resultado dos estudos de seu grupo com bioindicadores, foi desenvolvida a tecnologia Embrapa  de bioan\u00e1lise de solo (BioAS), que consiste na agrega\u00e7\u00e3o de duas enzimas do solo, \u00e0s an\u00e1lises de qu\u00edmica de solos. Com a BioAS o agricultor brasileiro pode monitorar a sa\u00fade de seu solo, sabendo exatamente o qu\u00ea avaliar, porqu\u00ea avaliar, como avaliar, quando avaliar e principalmente, como interpretar o que foi avaliado.\t\t\t\t\t\t<\/div>\n\t\t\t\t<\/div>\n\t\t\t\t\t<\/div>\n\t\t<\/div>\n\t\t\t\t\t\t\t<\/div>\n\t\t<\/section>\n\t\t\t\t\t\t<\/div>\n\t\t\t\t<\/article>\n\t\t\t\t<article id=\"post-2296\" class=\"elementor-post elementor-grid-item ecs-post-loop post-2296 speaker type-speaker status-publish has-post-thumbnail hentry\">\n\t\t\t\t<div data-elementor-type=\"loop\" data-elementor-id=\"480\" class=\"elementor elementor-480 post-2296 speaker type-speaker status-publish has-post-thumbnail hentry\">\n\t\t\t\t\t\t\t\t<section class=\"elementor-section elementor-top-section elementor-element elementor-element-9acedee elementor-section-boxed elementor-section-height-default elementor-section-height-default\" data-id=\"9acedee\" data-element_type=\"section\" data-settings=\"{&quot;background_background&quot;:&quot;classic&quot;}\">\n\t\t\t\t\t\t<div class=\"elementor-container elementor-column-gap-default\">\n\t\t\t\t\t<div class=\"elementor-column elementor-col-50 elementor-top-column elementor-element elementor-element-0ca81ff\" data-id=\"0ca81ff\" data-element_type=\"column\" data-settings=\"{&quot;background_background&quot;:&quot;classic&quot;}\">\n\t\t\t<div class=\"elementor-widget-wrap elementor-element-populated\">\n\t\t\t\t\t\t\t\t<div class=\"elementor-element elementor-element-08f6495 elementor-widget elementor-widget-theme-post-featured-image elementor-widget-image\" data-id=\"08f6495\" data-element_type=\"widget\" data-widget_type=\"theme-post-featured-image.default\">\n\t\t\t\t<div class=\"elementor-widget-container\">\n\t\t\t\t\t\t\t\t\t\t\t\t\t\t\t<img loading=\"lazy\" decoding=\"async\" width=\"300\" height=\"300\" src=\"https:\/\/sistemafamato.org.br\/famatoembrapashow\/wp-content\/uploads\/sites\/5\/2022\/06\/Palestrante_Julio_Salton_300x300.jpg\" class=\"attachment-full size-full\" alt=\"\" srcset=\"https:\/\/sistemafamato.org.br\/famatoembrapashow\/wp-content\/uploads\/sites\/5\/2022\/06\/Palestrante_Julio_Salton_300x300.jpg 300w, https:\/\/sistemafamato.org.br\/famatoembrapashow\/wp-content\/uploads\/sites\/5\/2022\/06\/Palestrante_Julio_Salton_300x300-150x150.jpg 150w\" sizes=\"auto, (max-width: 300px) 100vw, 300px\" \/>\t\t\t\t\t\t\t\t\t\t\t\t\t\t\t<\/div>\n\t\t\t\t<\/div>\n\t\t\t\t\t<\/div>\n\t\t<\/div>\n\t\t\t\t<div class=\"elementor-column elementor-col-50 elementor-top-column elementor-element elementor-element-a5e8a61\" data-id=\"a5e8a61\" data-element_type=\"column\" data-settings=\"{&quot;background_background&quot;:&quot;classic&quot;}\">\n\t\t\t<div class=\"elementor-widget-wrap elementor-element-populated\">\n\t\t\t\t\t\t\t\t<div class=\"elementor-element elementor-element-c9bdc80 elementor-widget elementor-widget-theme-post-title elementor-page-title elementor-widget-heading\" data-id=\"c9bdc80\" data-element_type=\"widget\" data-widget_type=\"theme-post-title.default\">\n\t\t\t\t<div class=\"elementor-widget-container\">\n\t\t\t<h1 class=\"elementor-heading-title elementor-size-default\">J\u00falio C\u00e9sar Salton<\/h1>\t\t<\/div>\n\t\t\t\t<\/div>\n\t\t\t\t<div class=\"elementor-element elementor-element-26bd1fc elementor-widget elementor-widget-heading\" data-id=\"26bd1fc\" data-element_type=\"widget\" data-widget_type=\"heading.default\">\n\t\t\t\t<div class=\"elementor-widget-container\">\n\t\t\t<h2 class=\"elementor-heading-title elementor-size-default\">Pesquisador da Embrapa Agropecu\u00e1ria Oeste - Dourados (MS)<\/h2>\t\t<\/div>\n\t\t\t\t<\/div>\n\t\t\t\t<div class=\"elementor-element elementor-element-172cab2 elementor-widget elementor-widget-text-editor\" data-id=\"172cab2\" data-element_type=\"widget\" data-widget_type=\"text-editor.default\">\n\t\t\t\t<div class=\"elementor-widget-container\">\n\t\t\t\t\t\t\tPossui gradua\u00e7\u00e3o em Agronomia pela Universidade de Passo Fundo (1980), mestrado em Ci\u00eancia do Solo pela Universidade Federal do Rio Grande do Sul (1991) e doutorado em Ci\u00eancia do Solo pela Universidade Federal do Rio Grande do Sul (2005). Atualmente \u00e9 pesquisador da Empresa Brasileira de Pesquisa Agropecu\u00e1ria (Centro de Pesquisa Agropecu\u00e1ria do Oeste), professor credenciado pela CAPES para o Programa de Mestrado e Doutorado em Agronomia (Produ\u00e7\u00e3o Vegetal) na Universidade Estadual de Mato Grosso do Sul (UEMS). Possui vasto acervo de publica\u00e7\u00f5es em revistas cient\u00edficas, livros, eventos, Tamb\u00e9m atua como revisor de revistas cient\u00edficas. Tem experi\u00eancia na \u00e1rea de Agronomia, com \u00eanfase em Manejo e Conserva\u00e7\u00e3o do Solo, atuando principalmente nos  temas: integra\u00e7\u00e3o lavoura-pecu\u00e1ria, plantio direto, rota\u00e7\u00e3o de culturas, sistemas de produ\u00e7\u00e3o e culturas de cobertura do solo. \t\t\t\t\t\t<\/div>\n\t\t\t\t<\/div>\n\t\t\t\t\t<\/div>\n\t\t<\/div>\n\t\t\t\t\t\t\t<\/div>\n\t\t<\/section>\n\t\t\t\t\t\t<\/div>\n\t\t\t\t<\/article>\n\t\t\t\t<article id=\"post-1448\" class=\"elementor-post elementor-grid-item ecs-post-loop post-1448 speaker type-speaker status-publish has-post-thumbnail hentry\">\n\t\t\t\t<div data-elementor-type=\"loop\" data-elementor-id=\"480\" class=\"elementor elementor-480 post-1448 speaker type-speaker status-publish has-post-thumbnail hentry\">\n\t\t\t\t\t\t\t\t<section class=\"elementor-section elementor-top-section elementor-element elementor-element-9acedee elementor-section-boxed elementor-section-height-default elementor-section-height-default\" data-id=\"9acedee\" data-element_type=\"section\" data-settings=\"{&quot;background_background&quot;:&quot;classic&quot;}\">\n\t\t\t\t\t\t<div class=\"elementor-container elementor-column-gap-default\">\n\t\t\t\t\t<div class=\"elementor-column elementor-col-50 elementor-top-column elementor-element elementor-element-0ca81ff\" data-id=\"0ca81ff\" data-element_type=\"column\" data-settings=\"{&quot;background_background&quot;:&quot;classic&quot;}\">\n\t\t\t<div class=\"elementor-widget-wrap elementor-element-populated\">\n\t\t\t\t\t\t\t\t<div class=\"elementor-element elementor-element-08f6495 elementor-widget elementor-widget-theme-post-featured-image elementor-widget-image\" data-id=\"08f6495\" data-element_type=\"widget\" data-widget_type=\"theme-post-featured-image.default\">\n\t\t\t\t<div class=\"elementor-widget-container\">\n\t\t\t\t\t\t\t\t\t\t\t\t\t\t\t<img loading=\"lazy\" decoding=\"async\" width=\"300\" height=\"302\" src=\"https:\/\/sistemafamato.org.br\/famatoembrapashow\/wp-content\/uploads\/sites\/5\/2022\/06\/Palestrante_Julio_Franchini_300x300.jpg\" class=\"attachment-full size-full\" alt=\"\" srcset=\"https:\/\/sistemafamato.org.br\/famatoembrapashow\/wp-content\/uploads\/sites\/5\/2022\/06\/Palestrante_Julio_Franchini_300x300.jpg 300w, https:\/\/sistemafamato.org.br\/famatoembrapashow\/wp-content\/uploads\/sites\/5\/2022\/06\/Palestrante_Julio_Franchini_300x300-298x300.jpg 298w, https:\/\/sistemafamato.org.br\/famatoembrapashow\/wp-content\/uploads\/sites\/5\/2022\/06\/Palestrante_Julio_Franchini_300x300-150x150.jpg 150w\" sizes=\"auto, (max-width: 300px) 100vw, 300px\" \/>\t\t\t\t\t\t\t\t\t\t\t\t\t\t\t<\/div>\n\t\t\t\t<\/div>\n\t\t\t\t\t<\/div>\n\t\t<\/div>\n\t\t\t\t<div class=\"elementor-column elementor-col-50 elementor-top-column elementor-element elementor-element-a5e8a61\" data-id=\"a5e8a61\" data-element_type=\"column\" data-settings=\"{&quot;background_background&quot;:&quot;classic&quot;}\">\n\t\t\t<div class=\"elementor-widget-wrap elementor-element-populated\">\n\t\t\t\t\t\t\t\t<div class=\"elementor-element elementor-element-c9bdc80 elementor-widget elementor-widget-theme-post-title elementor-page-title elementor-widget-heading\" data-id=\"c9bdc80\" data-element_type=\"widget\" data-widget_type=\"theme-post-title.default\">\n\t\t\t\t<div class=\"elementor-widget-container\">\n\t\t\t<h1 class=\"elementor-heading-title elementor-size-default\">J\u00falio Franchini<\/h1>\t\t<\/div>\n\t\t\t\t<\/div>\n\t\t\t\t<div class=\"elementor-element elementor-element-26bd1fc elementor-widget elementor-widget-heading\" data-id=\"26bd1fc\" data-element_type=\"widget\" data-widget_type=\"heading.default\">\n\t\t\t\t<div class=\"elementor-widget-container\">\n\t\t\t<h2 class=\"elementor-heading-title elementor-size-default\">Pesquisador Embrapa Centro Nacional de Pesquisa de Soja em Londrina (PR).<\/h2>\t\t<\/div>\n\t\t\t\t<\/div>\n\t\t\t\t<div class=\"elementor-element elementor-element-172cab2 elementor-widget elementor-widget-text-editor\" data-id=\"172cab2\" data-element_type=\"widget\" data-widget_type=\"text-editor.default\">\n\t\t\t\t<div class=\"elementor-widget-container\">\n\t\t\t\t\t\t\tPesquisador h\u00e1 21 anos da Empresa Brasileira de Pesquisa Agropecu\u00e1ria no Centro Nacional de Pesquisa de Soja em Londrina\/PR. Atua na \u00e1rea de Manejo do solo e da Cultura nos seguintes temas: qu\u00edmica e fertilidade do solo, compacta\u00e7\u00e3o do solo, plantas de cobertura e aduba\u00e7\u00e3o verde, plantio direto, integra\u00e7\u00e3o lavoura-pecu\u00e1ria-floresta e agricultura de precis\u00e3o.\t\t\t\t\t\t<\/div>\n\t\t\t\t<\/div>\n\t\t\t\t\t<\/div>\n\t\t<\/div>\n\t\t\t\t\t\t\t<\/div>\n\t\t<\/section>\n\t\t\t\t\t\t<\/div>\n\t\t\t\t<\/article>\n\t\t\t\t<article id=\"post-28961\" class=\"elementor-post elementor-grid-item ecs-post-loop post-28961 speaker type-speaker status-publish has-post-thumbnail hentry\">\n\t\t\t\t<div data-elementor-type=\"loop\" data-elementor-id=\"480\" class=\"elementor elementor-480 post-28961 speaker type-speaker status-publish has-post-thumbnail hentry\">\n\t\t\t\t\t\t\t\t<section class=\"elementor-section elementor-top-section elementor-element elementor-element-9acedee elementor-section-boxed elementor-section-height-default elementor-section-height-default\" data-id=\"9acedee\" data-element_type=\"section\" data-settings=\"{&quot;background_background&quot;:&quot;classic&quot;}\">\n\t\t\t\t\t\t<div class=\"elementor-container elementor-column-gap-default\">\n\t\t\t\t\t<div class=\"elementor-column elementor-col-50 elementor-top-column elementor-element elementor-element-0ca81ff\" data-id=\"0ca81ff\" data-element_type=\"column\" data-settings=\"{&quot;background_background&quot;:&quot;classic&quot;}\">\n\t\t\t<div class=\"elementor-widget-wrap elementor-element-populated\">\n\t\t\t\t\t\t\t\t<div class=\"elementor-element elementor-element-08f6495 elementor-widget elementor-widget-theme-post-featured-image elementor-widget-image\" data-id=\"08f6495\" data-element_type=\"widget\" data-widget_type=\"theme-post-featured-image.default\">\n\t\t\t\t<div class=\"elementor-widget-container\">\n\t\t\t\t\t\t\t\t\t\t\t\t\t\t\t<img loading=\"lazy\" decoding=\"async\" width=\"1400\" height=\"1400\" src=\"https:\/\/sistemafamato.org.br\/famatoembrapashow\/wp-content\/uploads\/sites\/5\/2022\/06\/LAURIMAR-GONCALVES.jpg\" class=\"attachment-full size-full\" alt=\"\" srcset=\"https:\/\/sistemafamato.org.br\/famatoembrapashow\/wp-content\/uploads\/sites\/5\/2022\/06\/LAURIMAR-GONCALVES.jpg 1400w, https:\/\/sistemafamato.org.br\/famatoembrapashow\/wp-content\/uploads\/sites\/5\/2022\/06\/LAURIMAR-GONCALVES-300x300.jpg 300w, https:\/\/sistemafamato.org.br\/famatoembrapashow\/wp-content\/uploads\/sites\/5\/2022\/06\/LAURIMAR-GONCALVES-1024x1024.jpg 1024w, https:\/\/sistemafamato.org.br\/famatoembrapashow\/wp-content\/uploads\/sites\/5\/2022\/06\/LAURIMAR-GONCALVES-150x150.jpg 150w, https:\/\/sistemafamato.org.br\/famatoembrapashow\/wp-content\/uploads\/sites\/5\/2022\/06\/LAURIMAR-GONCALVES-768x768.jpg 768w\" sizes=\"auto, (max-width: 1400px) 100vw, 1400px\" \/>\t\t\t\t\t\t\t\t\t\t\t\t\t\t\t<\/div>\n\t\t\t\t<\/div>\n\t\t\t\t\t<\/div>\n\t\t<\/div>\n\t\t\t\t<div class=\"elementor-column elementor-col-50 elementor-top-column elementor-element elementor-element-a5e8a61\" data-id=\"a5e8a61\" data-element_type=\"column\" data-settings=\"{&quot;background_background&quot;:&quot;classic&quot;}\">\n\t\t\t<div class=\"elementor-widget-wrap elementor-element-populated\">\n\t\t\t\t\t\t\t\t<div class=\"elementor-element elementor-element-c9bdc80 elementor-widget elementor-widget-theme-post-title elementor-page-title elementor-widget-heading\" data-id=\"c9bdc80\" data-element_type=\"widget\" data-widget_type=\"theme-post-title.default\">\n\t\t\t\t<div class=\"elementor-widget-container\">\n\t\t\t<h1 class=\"elementor-heading-title elementor-size-default\">Laurimar Gon\u00e7alves Vendrusculo<\/h1>\t\t<\/div>\n\t\t\t\t<\/div>\n\t\t\t\t<div class=\"elementor-element elementor-element-26bd1fc elementor-widget elementor-widget-heading\" data-id=\"26bd1fc\" data-element_type=\"widget\" data-widget_type=\"heading.default\">\n\t\t\t\t<div class=\"elementor-widget-container\">\n\t\t\t<h2 class=\"elementor-heading-title elementor-size-default\">Pesquisadora\u00a0Embrapa Agrossilvipastoril<\/h2>\t\t<\/div>\n\t\t\t\t<\/div>\n\t\t\t\t<div class=\"elementor-element elementor-element-172cab2 elementor-widget elementor-widget-text-editor\" data-id=\"172cab2\" data-element_type=\"widget\" data-widget_type=\"text-editor.default\">\n\t\t\t\t<div class=\"elementor-widget-container\">\n\t\t\t\t\t\t\tEm 2014, 0bteve seu Ph.D. na Iowa State University  com double degree em Engenharia Agr\u00edcola e ci\u00eancia Ambiental, , mestrado em Engenharia Agr\u00edcola pela Universidade Estadual de Campinas (2001) e possui gradua\u00e7\u00e3o em Engenharia El\u00e9trica pela Universidade Federal de Minas Gerais (1988). Atualmente \u00e9 pesquisador A da Empresa Brasileira de Pesquisa Agropecu\u00e1ria e atua desde dezembro de 2021 como chefe-geral da Embrapa Agrossilvipastoril em Sinop &#8211; MT. Tem experi\u00eancia na \u00e1rea de Ci\u00eancia da Computa\u00e7\u00e3o, com \u00eanfase em Sistemas de Computa\u00e7\u00e3o, atuando principalmente nos seguintes temas: Banco de Dados, Datamining, geoestat\u00edstica, aplica\u00e7\u00f5es web, variabilidade espacial e zootecnia de precis\u00e3o.\t\t\t\t\t\t<\/div>\n\t\t\t\t<\/div>\n\t\t\t\t\t<\/div>\n\t\t<\/div>\n\t\t\t\t\t\t\t<\/div>\n\t\t<\/section>\n\t\t\t\t\t\t<\/div>\n\t\t\t\t<\/article>\n\t\t\t\t<article id=\"post-28953\" class=\"elementor-post elementor-grid-item ecs-post-loop post-28953 speaker type-speaker status-publish has-post-thumbnail hentry\">\n\t\t\t\t<div data-elementor-type=\"loop\" data-elementor-id=\"480\" class=\"elementor elementor-480 post-28953 speaker type-speaker status-publish has-post-thumbnail hentry\">\n\t\t\t\t\t\t\t\t<section class=\"elementor-section elementor-top-section elementor-element elementor-element-9acedee elementor-section-boxed elementor-section-height-default elementor-section-height-default\" data-id=\"9acedee\" data-element_type=\"section\" data-settings=\"{&quot;background_background&quot;:&quot;classic&quot;}\">\n\t\t\t\t\t\t<div class=\"elementor-container elementor-column-gap-default\">\n\t\t\t\t\t<div class=\"elementor-column elementor-col-50 elementor-top-column elementor-element elementor-element-0ca81ff\" data-id=\"0ca81ff\" data-element_type=\"column\" data-settings=\"{&quot;background_background&quot;:&quot;classic&quot;}\">\n\t\t\t<div class=\"elementor-widget-wrap elementor-element-populated\">\n\t\t\t\t\t\t\t\t<div class=\"elementor-element elementor-element-08f6495 elementor-widget elementor-widget-theme-post-featured-image elementor-widget-image\" data-id=\"08f6495\" data-element_type=\"widget\" data-widget_type=\"theme-post-featured-image.default\">\n\t\t\t\t<div class=\"elementor-widget-container\">\n\t\t\t\t\t\t\t\t\t\t\t\t\t\t\t<img loading=\"lazy\" decoding=\"async\" width=\"1400\" height=\"1400\" src=\"https:\/\/sistemafamato.org.br\/famatoembrapashow\/wp-content\/uploads\/sites\/5\/2022\/06\/MARCO-ANTONIO.jpg\" class=\"attachment-full size-full\" alt=\"\" srcset=\"https:\/\/sistemafamato.org.br\/famatoembrapashow\/wp-content\/uploads\/sites\/5\/2022\/06\/MARCO-ANTONIO.jpg 1400w, https:\/\/sistemafamato.org.br\/famatoembrapashow\/wp-content\/uploads\/sites\/5\/2022\/06\/MARCO-ANTONIO-300x300.jpg 300w, https:\/\/sistemafamato.org.br\/famatoembrapashow\/wp-content\/uploads\/sites\/5\/2022\/06\/MARCO-ANTONIO-1024x1024.jpg 1024w, https:\/\/sistemafamato.org.br\/famatoembrapashow\/wp-content\/uploads\/sites\/5\/2022\/06\/MARCO-ANTONIO-150x150.jpg 150w, https:\/\/sistemafamato.org.br\/famatoembrapashow\/wp-content\/uploads\/sites\/5\/2022\/06\/MARCO-ANTONIO-768x768.jpg 768w\" sizes=\"auto, (max-width: 1400px) 100vw, 1400px\" \/>\t\t\t\t\t\t\t\t\t\t\t\t\t\t\t<\/div>\n\t\t\t\t<\/div>\n\t\t\t\t\t<\/div>\n\t\t<\/div>\n\t\t\t\t<div class=\"elementor-column elementor-col-50 elementor-top-column elementor-element elementor-element-a5e8a61\" data-id=\"a5e8a61\" data-element_type=\"column\" data-settings=\"{&quot;background_background&quot;:&quot;classic&quot;}\">\n\t\t\t<div class=\"elementor-widget-wrap elementor-element-populated\">\n\t\t\t\t\t\t\t\t<div class=\"elementor-element elementor-element-c9bdc80 elementor-widget elementor-widget-theme-post-title elementor-page-title elementor-widget-heading\" data-id=\"c9bdc80\" data-element_type=\"widget\" data-widget_type=\"theme-post-title.default\">\n\t\t\t\t<div class=\"elementor-widget-container\">\n\t\t\t<h1 class=\"elementor-heading-title elementor-size-default\">Marco Antonio Nogueira<\/h1>\t\t<\/div>\n\t\t\t\t<\/div>\n\t\t\t\t<div class=\"elementor-element elementor-element-26bd1fc elementor-widget elementor-widget-heading\" data-id=\"26bd1fc\" data-element_type=\"widget\" data-widget_type=\"heading.default\">\n\t\t\t\t<div class=\"elementor-widget-container\">\n\t\t\t<h2 class=\"elementor-heading-title elementor-size-default\">Pesquisador Embrapa Soja<\/h2>\t\t<\/div>\n\t\t\t\t<\/div>\n\t\t\t\t<div class=\"elementor-element elementor-element-172cab2 elementor-widget elementor-widget-text-editor\" data-id=\"172cab2\" data-element_type=\"widget\" data-widget_type=\"text-editor.default\">\n\t\t\t\t<div class=\"elementor-widget-container\">\n\t\t\t\t\t\t\tEngenheiro Agr\u00f4nomo pela Unesp Jaboticabal SP, mestre e doutor em Agronomia pela Esalq-USP. \u00c9 pesquisador da Embrapa Soja e orientador nos Programas de P\u00f3s-Gradua\u00e7\u00e3o em Microbiologia e Agronomia da Universidade Estadual de Londrina. Atualmente \u00e9 secret\u00e1rio executivo do  Comit\u00ea Gestor do portf\u00f3lio de insumos biol\u00f3gicos da Embrapa. Trabalha com pesquisas em bioindicadores de qualidade de solo, fixa\u00e7\u00e3o biol\u00f3gica de nitrog\u00eanio, promo\u00e7\u00e3o de crescimento de plantas e toler\u00e2ncia \u00e0 seca.\t\t\t\t\t\t<\/div>\n\t\t\t\t<\/div>\n\t\t\t\t\t<\/div>\n\t\t<\/div>\n\t\t\t\t\t\t\t<\/div>\n\t\t<\/section>\n\t\t\t\t\t\t<\/div>\n\t\t\t\t<\/article>\n\t\t\t\t<article id=\"post-2979\" class=\"elementor-post elementor-grid-item ecs-post-loop post-2979 speaker type-speaker status-publish has-post-thumbnail hentry\">\n\t\t\t\t<div data-elementor-type=\"loop\" data-elementor-id=\"480\" class=\"elementor elementor-480 post-2979 speaker type-speaker status-publish has-post-thumbnail hentry\">\n\t\t\t\t\t\t\t\t<section class=\"elementor-section elementor-top-section elementor-element elementor-element-9acedee elementor-section-boxed elementor-section-height-default elementor-section-height-default\" data-id=\"9acedee\" data-element_type=\"section\" data-settings=\"{&quot;background_background&quot;:&quot;classic&quot;}\">\n\t\t\t\t\t\t<div class=\"elementor-container elementor-column-gap-default\">\n\t\t\t\t\t<div class=\"elementor-column elementor-col-50 elementor-top-column elementor-element elementor-element-0ca81ff\" data-id=\"0ca81ff\" data-element_type=\"column\" data-settings=\"{&quot;background_background&quot;:&quot;classic&quot;}\">\n\t\t\t<div class=\"elementor-widget-wrap elementor-element-populated\">\n\t\t\t\t\t\t\t\t<div class=\"elementor-element elementor-element-08f6495 elementor-widget elementor-widget-theme-post-featured-image elementor-widget-image\" data-id=\"08f6495\" data-element_type=\"widget\" data-widget_type=\"theme-post-featured-image.default\">\n\t\t\t\t<div class=\"elementor-widget-container\">\n\t\t\t\t\t\t\t\t\t\t\t\t\t\t\t<img loading=\"lazy\" decoding=\"async\" width=\"1200\" height=\"1200\" src=\"https:\/\/sistemafamato.org.br\/famatoembrapashow\/wp-content\/uploads\/sites\/5\/2022\/06\/Maurel.jpg\" class=\"attachment-full size-full\" alt=\"\" srcset=\"https:\/\/sistemafamato.org.br\/famatoembrapashow\/wp-content\/uploads\/sites\/5\/2022\/06\/Maurel.jpg 1200w, https:\/\/sistemafamato.org.br\/famatoembrapashow\/wp-content\/uploads\/sites\/5\/2022\/06\/Maurel-300x300.jpg 300w, https:\/\/sistemafamato.org.br\/famatoembrapashow\/wp-content\/uploads\/sites\/5\/2022\/06\/Maurel-1024x1024.jpg 1024w, https:\/\/sistemafamato.org.br\/famatoembrapashow\/wp-content\/uploads\/sites\/5\/2022\/06\/Maurel-150x150.jpg 150w, https:\/\/sistemafamato.org.br\/famatoembrapashow\/wp-content\/uploads\/sites\/5\/2022\/06\/Maurel-768x768.jpg 768w\" sizes=\"auto, (max-width: 1200px) 100vw, 1200px\" \/>\t\t\t\t\t\t\t\t\t\t\t\t\t\t\t<\/div>\n\t\t\t\t<\/div>\n\t\t\t\t\t<\/div>\n\t\t<\/div>\n\t\t\t\t<div class=\"elementor-column elementor-col-50 elementor-top-column elementor-element elementor-element-a5e8a61\" data-id=\"a5e8a61\" data-element_type=\"column\" data-settings=\"{&quot;background_background&quot;:&quot;classic&quot;}\">\n\t\t\t<div class=\"elementor-widget-wrap elementor-element-populated\">\n\t\t\t\t\t\t\t\t<div class=\"elementor-element elementor-element-c9bdc80 elementor-widget elementor-widget-theme-post-title elementor-page-title elementor-widget-heading\" data-id=\"c9bdc80\" data-element_type=\"widget\" data-widget_type=\"theme-post-title.default\">\n\t\t\t\t<div class=\"elementor-widget-container\">\n\t\t\t<h1 class=\"elementor-heading-title elementor-size-default\">Maurel Behling<\/h1>\t\t<\/div>\n\t\t\t\t<\/div>\n\t\t\t\t<div class=\"elementor-element elementor-element-26bd1fc elementor-widget elementor-widget-heading\" data-id=\"26bd1fc\" data-element_type=\"widget\" data-widget_type=\"heading.default\">\n\t\t\t\t<div class=\"elementor-widget-container\">\n\t\t\t<h2 class=\"elementor-heading-title elementor-size-default\">Pesquisador Embrapa Agrossilvipastoril<\/h2>\t\t<\/div>\n\t\t\t\t<\/div>\n\t\t\t\t<div class=\"elementor-element elementor-element-172cab2 elementor-widget elementor-widget-text-editor\" data-id=\"172cab2\" data-element_type=\"widget\" data-widget_type=\"text-editor.default\">\n\t\t\t\t<div class=\"elementor-widget-container\">\n\t\t\t\t\t\t\tNatural de Campo Er\u00ea-SC e veio para o Mato Grosso em 1988. Formou-se T\u00e9cnico em Agropecu\u00e1ria pela Escola Agrot\u00e9cnica Federal de Cuiab\u00e1-MT (1995), P\u00f3s-T\u00e9cnico em Zootecnia pela Escola Agrot\u00e9cnica Federal de Santa Teresa-ES (1996), graduado em Engenharia Agron\u00f4mica (2002) e mestre em Agronomia-Ci\u00eancias do Solo (2005) pela Universidade Federal Rural do Rio de Janeiro e Doutor em Solos e Nutri\u00e7\u00e3o de Plantas pela Universidade Federal de Vi\u00e7osa (2009). Desde outubro de 2010 \u00e9 pesquisador da Embrapa Agrossilvipastoril em Sistemas de Integra\u00e7\u00e3o Lavoura-Pecu\u00e1ria-Floresta (ILPF), com foco no componente florestal, e membro do Grupo de Trabalho em ILPF da Embrapa em Mato Grosso (GT-ILPF) e do Comit\u00ea Gestor do Portf\u00f3lio ILPF da Embrapa (CGPort ILPF).\t\t\t\t\t\t<\/div>\n\t\t\t\t<\/div>\n\t\t\t\t\t<\/div>\n\t\t<\/div>\n\t\t\t\t\t\t\t<\/div>\n\t\t<\/section>\n\t\t\t\t\t\t<\/div>\n\t\t\t\t<\/article>\n\t\t\t\t<article id=\"post-28955\" class=\"elementor-post elementor-grid-item ecs-post-loop post-28955 speaker type-speaker status-publish has-post-thumbnail hentry\">\n\t\t\t\t<div data-elementor-type=\"loop\" data-elementor-id=\"480\" class=\"elementor elementor-480 post-28955 speaker type-speaker status-publish has-post-thumbnail hentry\">\n\t\t\t\t\t\t\t\t<section class=\"elementor-section elementor-top-section elementor-element elementor-element-9acedee elementor-section-boxed elementor-section-height-default elementor-section-height-default\" data-id=\"9acedee\" data-element_type=\"section\" data-settings=\"{&quot;background_background&quot;:&quot;classic&quot;}\">\n\t\t\t\t\t\t<div class=\"elementor-container elementor-column-gap-default\">\n\t\t\t\t\t<div class=\"elementor-column elementor-col-50 elementor-top-column elementor-element elementor-element-0ca81ff\" data-id=\"0ca81ff\" data-element_type=\"column\" data-settings=\"{&quot;background_background&quot;:&quot;classic&quot;}\">\n\t\t\t<div class=\"elementor-widget-wrap elementor-element-populated\">\n\t\t\t\t\t\t\t\t<div class=\"elementor-element elementor-element-08f6495 elementor-widget elementor-widget-theme-post-featured-image elementor-widget-image\" data-id=\"08f6495\" data-element_type=\"widget\" data-widget_type=\"theme-post-featured-image.default\">\n\t\t\t\t<div class=\"elementor-widget-container\">\n\t\t\t\t\t\t\t\t\t\t\t\t\t\t\t<img loading=\"lazy\" decoding=\"async\" width=\"1400\" height=\"1400\" src=\"https:\/\/sistemafamato.org.br\/famatoembrapashow\/wp-content\/uploads\/sites\/5\/2022\/06\/RAFAEL-DE-SOUZA.jpg\" class=\"attachment-full size-full\" alt=\"\" srcset=\"https:\/\/sistemafamato.org.br\/famatoembrapashow\/wp-content\/uploads\/sites\/5\/2022\/06\/RAFAEL-DE-SOUZA.jpg 1400w, https:\/\/sistemafamato.org.br\/famatoembrapashow\/wp-content\/uploads\/sites\/5\/2022\/06\/RAFAEL-DE-SOUZA-300x300.jpg 300w, https:\/\/sistemafamato.org.br\/famatoembrapashow\/wp-content\/uploads\/sites\/5\/2022\/06\/RAFAEL-DE-SOUZA-1024x1024.jpg 1024w, https:\/\/sistemafamato.org.br\/famatoembrapashow\/wp-content\/uploads\/sites\/5\/2022\/06\/RAFAEL-DE-SOUZA-150x150.jpg 150w, https:\/\/sistemafamato.org.br\/famatoembrapashow\/wp-content\/uploads\/sites\/5\/2022\/06\/RAFAEL-DE-SOUZA-768x768.jpg 768w\" sizes=\"auto, (max-width: 1400px) 100vw, 1400px\" \/>\t\t\t\t\t\t\t\t\t\t\t\t\t\t\t<\/div>\n\t\t\t\t<\/div>\n\t\t\t\t\t<\/div>\n\t\t<\/div>\n\t\t\t\t<div class=\"elementor-column elementor-col-50 elementor-top-column elementor-element elementor-element-a5e8a61\" data-id=\"a5e8a61\" data-element_type=\"column\" data-settings=\"{&quot;background_background&quot;:&quot;classic&quot;}\">\n\t\t\t<div class=\"elementor-widget-wrap elementor-element-populated\">\n\t\t\t\t\t\t\t\t<div class=\"elementor-element elementor-element-c9bdc80 elementor-widget elementor-widget-theme-post-title elementor-page-title elementor-widget-heading\" data-id=\"c9bdc80\" data-element_type=\"widget\" data-widget_type=\"theme-post-title.default\">\n\t\t\t\t<div class=\"elementor-widget-container\">\n\t\t\t<h1 class=\"elementor-heading-title elementor-size-default\">Rafael de Souza Nunes<\/h1>\t\t<\/div>\n\t\t\t\t<\/div>\n\t\t\t\t<div class=\"elementor-element elementor-element-26bd1fc elementor-widget elementor-widget-heading\" data-id=\"26bd1fc\" data-element_type=\"widget\" data-widget_type=\"heading.default\">\n\t\t\t\t<div class=\"elementor-widget-container\">\n\t\t\t<h2 class=\"elementor-heading-title elementor-size-default\">Pesquisador Embrapa Cerrados<\/h2>\t\t<\/div>\n\t\t\t\t<\/div>\n\t\t\t\t<div class=\"elementor-element elementor-element-172cab2 elementor-widget elementor-widget-text-editor\" data-id=\"172cab2\" data-element_type=\"widget\" data-widget_type=\"text-editor.default\">\n\t\t\t\t<div class=\"elementor-widget-container\">\n\t\t\t\t\t\t\tPossui gradua\u00e7\u00e3o em Agronomia pela Universidade de Bras\u00edlia e doutorado em Agronomia por esta mesma universidade. \r\n\u00c9 pesquisador da Embrapa Cerrados, trabalhando com manejo da fertilidade do solo e nutri\u00e7\u00e3o de plantas em sistemas de produ\u00e7\u00e3o de cultivos anuais.\r\nTem ampla experi\u00eancia em pesquisa e extens\u00e3o em diferentes regi\u00f5es do Brasil.\t\t\t\t\t\t<\/div>\n\t\t\t\t<\/div>\n\t\t\t\t\t<\/div>\n\t\t<\/div>\n\t\t\t\t\t\t\t<\/div>\n\t\t<\/section>\n\t\t\t\t\t\t<\/div>\n\t\t\t\t<\/article>\n\t\t\t\t<article id=\"post-2980\" class=\"elementor-post elementor-grid-item ecs-post-loop post-2980 speaker type-speaker status-publish has-post-thumbnail hentry\">\n\t\t\t\t<div data-elementor-type=\"loop\" data-elementor-id=\"480\" class=\"elementor elementor-480 post-2980 speaker type-speaker status-publish has-post-thumbnail hentry\">\n\t\t\t\t\t\t\t\t<section class=\"elementor-section elementor-top-section elementor-element elementor-element-9acedee elementor-section-boxed elementor-section-height-default elementor-section-height-default\" data-id=\"9acedee\" data-element_type=\"section\" data-settings=\"{&quot;background_background&quot;:&quot;classic&quot;}\">\n\t\t\t\t\t\t<div class=\"elementor-container elementor-column-gap-default\">\n\t\t\t\t\t<div class=\"elementor-column elementor-col-50 elementor-top-column elementor-element elementor-element-0ca81ff\" data-id=\"0ca81ff\" data-element_type=\"column\" data-settings=\"{&quot;background_background&quot;:&quot;classic&quot;}\">\n\t\t\t<div class=\"elementor-widget-wrap elementor-element-populated\">\n\t\t\t\t\t\t\t\t<div class=\"elementor-element elementor-element-08f6495 elementor-widget elementor-widget-theme-post-featured-image elementor-widget-image\" data-id=\"08f6495\" data-element_type=\"widget\" data-widget_type=\"theme-post-featured-image.default\">\n\t\t\t\t<div class=\"elementor-widget-container\">\n\t\t\t\t\t\t\t\t\t\t\t\t\t\t\t<img loading=\"lazy\" decoding=\"async\" width=\"1200\" height=\"1200\" src=\"https:\/\/sistemafamato.org.br\/famatoembrapashow\/wp-content\/uploads\/sites\/5\/2022\/06\/Rafael-Pitta.jpg\" class=\"attachment-full size-full\" alt=\"\" srcset=\"https:\/\/sistemafamato.org.br\/famatoembrapashow\/wp-content\/uploads\/sites\/5\/2022\/06\/Rafael-Pitta.jpg 1200w, https:\/\/sistemafamato.org.br\/famatoembrapashow\/wp-content\/uploads\/sites\/5\/2022\/06\/Rafael-Pitta-300x300.jpg 300w, https:\/\/sistemafamato.org.br\/famatoembrapashow\/wp-content\/uploads\/sites\/5\/2022\/06\/Rafael-Pitta-1024x1024.jpg 1024w, https:\/\/sistemafamato.org.br\/famatoembrapashow\/wp-content\/uploads\/sites\/5\/2022\/06\/Rafael-Pitta-150x150.jpg 150w, https:\/\/sistemafamato.org.br\/famatoembrapashow\/wp-content\/uploads\/sites\/5\/2022\/06\/Rafael-Pitta-768x768.jpg 768w\" sizes=\"auto, (max-width: 1200px) 100vw, 1200px\" \/>\t\t\t\t\t\t\t\t\t\t\t\t\t\t\t<\/div>\n\t\t\t\t<\/div>\n\t\t\t\t\t<\/div>\n\t\t<\/div>\n\t\t\t\t<div class=\"elementor-column elementor-col-50 elementor-top-column elementor-element elementor-element-a5e8a61\" data-id=\"a5e8a61\" data-element_type=\"column\" data-settings=\"{&quot;background_background&quot;:&quot;classic&quot;}\">\n\t\t\t<div class=\"elementor-widget-wrap elementor-element-populated\">\n\t\t\t\t\t\t\t\t<div class=\"elementor-element elementor-element-c9bdc80 elementor-widget elementor-widget-theme-post-title elementor-page-title elementor-widget-heading\" data-id=\"c9bdc80\" data-element_type=\"widget\" data-widget_type=\"theme-post-title.default\">\n\t\t\t\t<div class=\"elementor-widget-container\">\n\t\t\t<h1 class=\"elementor-heading-title elementor-size-default\">Rafael Pitta<\/h1>\t\t<\/div>\n\t\t\t\t<\/div>\n\t\t\t\t<div class=\"elementor-element elementor-element-26bd1fc elementor-widget elementor-widget-heading\" data-id=\"26bd1fc\" data-element_type=\"widget\" data-widget_type=\"heading.default\">\n\t\t\t\t<div class=\"elementor-widget-container\">\n\t\t\t<h2 class=\"elementor-heading-title elementor-size-default\">Pesquisador\u00a0Embrapa Agrossilvipastoril<\/h2>\t\t<\/div>\n\t\t\t\t<\/div>\n\t\t\t\t<div class=\"elementor-element elementor-element-172cab2 elementor-widget elementor-widget-text-editor\" data-id=\"172cab2\" data-element_type=\"widget\" data-widget_type=\"text-editor.default\">\n\t\t\t\t<div class=\"elementor-widget-container\">\n\t\t\t\t\t\t\tPossui gradua\u00e7\u00e3o em Engenharia Agron\u00f4mica pela Escola Superior de Agronomia de Paragua\u00e7u Paulista (2005). Mestrado em Entomologia Agr\u00edcola pela Universidade Estadual Paulista J\u00falio de Mesquita Filho, Campus de Jaboticabal (2008). Doutorado em Entomologia pela Universidade de S\u00e3o Paulo\/ESALQ. \u00c9 Pesquisador da EMBRAPA na \u00e1rea de controle estrat\u00e9gico de insetos praga em sistemas produtivos e manejo da resist\u00eancia de insetos \u00e0 inseticidas e, exerce a fun\u00e7\u00e3o de Chefe de Pesquisa e Desenvolvimento da Embrapa Agrossilvipastoril &#8211; MT. \u00c9 membro do Comit\u00ea Gestor de Sanidade Vegetal da Embrapa. Ministra a disciplina de Manejo Integrado de Pragas no curso de agronomia da Universidade Federal de Mato Grosso. \u00c9 editor chefe do peri\u00f3dico Entomological Communications e Editor associado do peri\u00f3dico Neotropical Entomology.\t\t\t\t\t\t<\/div>\n\t\t\t\t<\/div>\n\t\t\t\t\t<\/div>\n\t\t<\/div>\n\t\t\t\t\t\t\t<\/div>\n\t\t<\/section>\n\t\t\t\t\t\t<\/div>\n\t\t\t\t<\/article>\n\t\t\t\t<article id=\"post-29138\" class=\"elementor-post elementor-grid-item ecs-post-loop post-29138 speaker type-speaker status-publish has-post-thumbnail hentry\">\n\t\t\t\t<div data-elementor-type=\"loop\" data-elementor-id=\"480\" class=\"elementor elementor-480 post-29138 speaker type-speaker status-publish has-post-thumbnail hentry\">\n\t\t\t\t\t\t\t\t<section class=\"elementor-section elementor-top-section elementor-element elementor-element-9acedee elementor-section-boxed elementor-section-height-default elementor-section-height-default\" data-id=\"9acedee\" data-element_type=\"section\" data-settings=\"{&quot;background_background&quot;:&quot;classic&quot;}\">\n\t\t\t\t\t\t<div class=\"elementor-container elementor-column-gap-default\">\n\t\t\t\t\t<div class=\"elementor-column elementor-col-50 elementor-top-column elementor-element elementor-element-0ca81ff\" data-id=\"0ca81ff\" data-element_type=\"column\" data-settings=\"{&quot;background_background&quot;:&quot;classic&quot;}\">\n\t\t\t<div class=\"elementor-widget-wrap elementor-element-populated\">\n\t\t\t\t\t\t\t\t<div class=\"elementor-element elementor-element-08f6495 elementor-widget elementor-widget-theme-post-featured-image elementor-widget-image\" data-id=\"08f6495\" data-element_type=\"widget\" data-widget_type=\"theme-post-featured-image.default\">\n\t\t\t\t<div class=\"elementor-widget-container\">\n\t\t\t\t\t\t\t\t\t\t\t\t\t\t\t<img loading=\"lazy\" decoding=\"async\" width=\"1600\" height=\"1600\" src=\"https:\/\/sistemafamato.org.br\/famatoembrapashow\/wp-content\/uploads\/sites\/5\/2022\/06\/RICARDO-STEINMETZ-02.jpg\" class=\"attachment-full size-full\" alt=\"\" srcset=\"https:\/\/sistemafamato.org.br\/famatoembrapashow\/wp-content\/uploads\/sites\/5\/2022\/06\/RICARDO-STEINMETZ-02.jpg 1600w, https:\/\/sistemafamato.org.br\/famatoembrapashow\/wp-content\/uploads\/sites\/5\/2022\/06\/RICARDO-STEINMETZ-02-300x300.jpg 300w, https:\/\/sistemafamato.org.br\/famatoembrapashow\/wp-content\/uploads\/sites\/5\/2022\/06\/RICARDO-STEINMETZ-02-1024x1024.jpg 1024w, https:\/\/sistemafamato.org.br\/famatoembrapashow\/wp-content\/uploads\/sites\/5\/2022\/06\/RICARDO-STEINMETZ-02-150x150.jpg 150w, https:\/\/sistemafamato.org.br\/famatoembrapashow\/wp-content\/uploads\/sites\/5\/2022\/06\/RICARDO-STEINMETZ-02-768x768.jpg 768w, https:\/\/sistemafamato.org.br\/famatoembrapashow\/wp-content\/uploads\/sites\/5\/2022\/06\/RICARDO-STEINMETZ-02-1536x1536.jpg 1536w\" sizes=\"auto, (max-width: 1600px) 100vw, 1600px\" \/>\t\t\t\t\t\t\t\t\t\t\t\t\t\t\t<\/div>\n\t\t\t\t<\/div>\n\t\t\t\t\t<\/div>\n\t\t<\/div>\n\t\t\t\t<div class=\"elementor-column elementor-col-50 elementor-top-column elementor-element elementor-element-a5e8a61\" data-id=\"a5e8a61\" data-element_type=\"column\" data-settings=\"{&quot;background_background&quot;:&quot;classic&quot;}\">\n\t\t\t<div class=\"elementor-widget-wrap elementor-element-populated\">\n\t\t\t\t\t\t\t\t<div class=\"elementor-element elementor-element-c9bdc80 elementor-widget elementor-widget-theme-post-title elementor-page-title elementor-widget-heading\" data-id=\"c9bdc80\" data-element_type=\"widget\" data-widget_type=\"theme-post-title.default\">\n\t\t\t\t<div class=\"elementor-widget-container\">\n\t\t\t<h1 class=\"elementor-heading-title elementor-size-default\">Ricardo Lu\u00eds Radis Steinmetz<\/h1>\t\t<\/div>\n\t\t\t\t<\/div>\n\t\t\t\t<div class=\"elementor-element elementor-element-26bd1fc elementor-widget elementor-widget-heading\" data-id=\"26bd1fc\" data-element_type=\"widget\" data-widget_type=\"heading.default\">\n\t\t\t\t<div class=\"elementor-widget-container\">\n\t\t\t<h2 class=\"elementor-heading-title elementor-size-default\">Analista\u00a0Embrapa Su\u00ednos e Aves<\/h2>\t\t<\/div>\n\t\t\t\t<\/div>\n\t\t\t\t<div class=\"elementor-element elementor-element-172cab2 elementor-widget elementor-widget-text-editor\" data-id=\"172cab2\" data-element_type=\"widget\" data-widget_type=\"text-editor.default\">\n\t\t\t\t<div class=\"elementor-widget-container\">\n\t\t\t\t\t\t\tQu\u00edmico Industrial, Mestre em Qu\u00edmica com \u00eanfase em an\u00e1lises ambientais (UFSM) e Doutor em Engenharia Qu\u00edmica (UFSC) com \u00eanfase em bioprocessos. Possui longa experi\u00eancia na \u00e1rea de digest\u00e3o anaer\u00f3bia. Atualmente \u00e9 Analista na Embrapa Su\u00ednos e Aves, onde coordena atividades do Laborat\u00f3rio de Estudos em Biog\u00e1s. Entre 2017 e 2021 foi membro do Conselho Diretivo da Rede de Biodigestores para Am\u00e9rica Latina e Caribe (RedBioLAC) e desde 2019 \u00e9 Presidente da Sociedade Brasileira dos Especialistas em Res\u00edduos das Produ\u00e7\u00f5es Agropecu\u00e1ria e Agroindustrial (Sbera).\t\t\t\t\t\t<\/div>\n\t\t\t\t<\/div>\n\t\t\t\t\t<\/div>\n\t\t<\/div>\n\t\t\t\t\t\t\t<\/div>\n\t\t<\/section>\n\t\t\t\t\t\t<\/div>\n\t\t\t\t<\/article>\n\t\t\t\t<article id=\"post-28957\" class=\"elementor-post elementor-grid-item ecs-post-loop post-28957 speaker type-speaker status-publish has-post-thumbnail hentry\">\n\t\t\t\t<div data-elementor-type=\"loop\" data-elementor-id=\"480\" class=\"elementor elementor-480 post-28957 speaker type-speaker status-publish has-post-thumbnail hentry\">\n\t\t\t\t\t\t\t\t<section class=\"elementor-section elementor-top-section elementor-element elementor-element-9acedee elementor-section-boxed elementor-section-height-default elementor-section-height-default\" data-id=\"9acedee\" data-element_type=\"section\" data-settings=\"{&quot;background_background&quot;:&quot;classic&quot;}\">\n\t\t\t\t\t\t<div class=\"elementor-container elementor-column-gap-default\">\n\t\t\t\t\t<div class=\"elementor-column elementor-col-50 elementor-top-column elementor-element elementor-element-0ca81ff\" data-id=\"0ca81ff\" data-element_type=\"column\" data-settings=\"{&quot;background_background&quot;:&quot;classic&quot;}\">\n\t\t\t<div class=\"elementor-widget-wrap elementor-element-populated\">\n\t\t\t\t\t\t\t\t<div class=\"elementor-element elementor-element-08f6495 elementor-widget elementor-widget-theme-post-featured-image elementor-widget-image\" data-id=\"08f6495\" data-element_type=\"widget\" data-widget_type=\"theme-post-featured-image.default\">\n\t\t\t\t<div class=\"elementor-widget-container\">\n\t\t\t\t\t\t\t\t\t\t\t\t\t\t\t<img loading=\"lazy\" decoding=\"async\" width=\"1400\" height=\"1400\" src=\"https:\/\/sistemafamato.org.br\/famatoembrapashow\/wp-content\/uploads\/sites\/5\/2022\/06\/ROBERTO-GIOLO.jpg\" class=\"attachment-full size-full\" alt=\"\" srcset=\"https:\/\/sistemafamato.org.br\/famatoembrapashow\/wp-content\/uploads\/sites\/5\/2022\/06\/ROBERTO-GIOLO.jpg 1400w, https:\/\/sistemafamato.org.br\/famatoembrapashow\/wp-content\/uploads\/sites\/5\/2022\/06\/ROBERTO-GIOLO-300x300.jpg 300w, https:\/\/sistemafamato.org.br\/famatoembrapashow\/wp-content\/uploads\/sites\/5\/2022\/06\/ROBERTO-GIOLO-1024x1024.jpg 1024w, https:\/\/sistemafamato.org.br\/famatoembrapashow\/wp-content\/uploads\/sites\/5\/2022\/06\/ROBERTO-GIOLO-150x150.jpg 150w, https:\/\/sistemafamato.org.br\/famatoembrapashow\/wp-content\/uploads\/sites\/5\/2022\/06\/ROBERTO-GIOLO-768x768.jpg 768w\" sizes=\"auto, (max-width: 1400px) 100vw, 1400px\" \/>\t\t\t\t\t\t\t\t\t\t\t\t\t\t\t<\/div>\n\t\t\t\t<\/div>\n\t\t\t\t\t<\/div>\n\t\t<\/div>\n\t\t\t\t<div class=\"elementor-column elementor-col-50 elementor-top-column elementor-element elementor-element-a5e8a61\" data-id=\"a5e8a61\" data-element_type=\"column\" data-settings=\"{&quot;background_background&quot;:&quot;classic&quot;}\">\n\t\t\t<div class=\"elementor-widget-wrap elementor-element-populated\">\n\t\t\t\t\t\t\t\t<div class=\"elementor-element elementor-element-c9bdc80 elementor-widget elementor-widget-theme-post-title elementor-page-title elementor-widget-heading\" data-id=\"c9bdc80\" data-element_type=\"widget\" data-widget_type=\"theme-post-title.default\">\n\t\t\t\t<div class=\"elementor-widget-container\">\n\t\t\t<h1 class=\"elementor-heading-title elementor-size-default\">Roberto Giolo de Almeida<\/h1>\t\t<\/div>\n\t\t\t\t<\/div>\n\t\t\t\t<div class=\"elementor-element elementor-element-26bd1fc elementor-widget elementor-widget-heading\" data-id=\"26bd1fc\" data-element_type=\"widget\" data-widget_type=\"heading.default\">\n\t\t\t\t<div class=\"elementor-widget-container\">\n\t\t\t<h2 class=\"elementor-heading-title elementor-size-default\">Pesquisador\u00a0Embrapa Gado de Corte<\/h2>\t\t<\/div>\n\t\t\t\t<\/div>\n\t\t\t\t<div class=\"elementor-element elementor-element-172cab2 elementor-widget elementor-widget-text-editor\" data-id=\"172cab2\" data-element_type=\"widget\" data-widget_type=\"text-editor.default\">\n\t\t\t\t<div class=\"elementor-widget-container\">\n\t\t\t\t\t\t\tEngenheiro agr\u00f4nomo, com doutorado em Zootecnia (UFV, 2001). De 2001 a 2007, atuou como professor e chefe do Departamento de Agronomia da Universidade do Estado de Mato Grosso, Campus de Tangar\u00e1 da Serra. Desde 2007, \u00e9 pesquisador da Embrapa Gado de Corte, atuando no grupo de pesquisa de sistemas de produ\u00e7\u00e3o sustent\u00e1veis e cadeias produtivas da pecu\u00e1ria de corte. Desde 2018 faz parte do corpo docente do Programa de P\u00f3s-gradua\u00e7\u00e3o em Zootecnia da Universidade Estadual de Mato Grosso do Sul, Campus de Aquidauana. L\u00edder de v\u00e1rios projetos de pesquisa na \u00e1rea de sistemas de produ\u00e7\u00e3o com foco em gado de corte, com destaque para os projetos Carne Carbono Neutro e Plataforma Pecu\u00e1ria de Baixa Emiss\u00e3o de Carbono.\t\t\t\t\t\t<\/div>\n\t\t\t\t<\/div>\n\t\t\t\t\t<\/div>\n\t\t<\/div>\n\t\t\t\t\t\t\t<\/div>\n\t\t<\/section>\n\t\t\t\t\t\t<\/div>\n\t\t\t\t<\/article>\n\t\t\t\t<article id=\"post-2981\" class=\"elementor-post elementor-grid-item ecs-post-loop post-2981 speaker type-speaker status-publish has-post-thumbnail hentry\">\n\t\t\t\t<div data-elementor-type=\"loop\" data-elementor-id=\"480\" class=\"elementor elementor-480 post-2981 speaker type-speaker status-publish has-post-thumbnail hentry\">\n\t\t\t\t\t\t\t\t<section class=\"elementor-section elementor-top-section elementor-element elementor-element-9acedee elementor-section-boxed elementor-section-height-default elementor-section-height-default\" data-id=\"9acedee\" data-element_type=\"section\" data-settings=\"{&quot;background_background&quot;:&quot;classic&quot;}\">\n\t\t\t\t\t\t<div class=\"elementor-container elementor-column-gap-default\">\n\t\t\t\t\t<div class=\"elementor-column elementor-col-50 elementor-top-column elementor-element elementor-element-0ca81ff\" data-id=\"0ca81ff\" data-element_type=\"column\" data-settings=\"{&quot;background_background&quot;:&quot;classic&quot;}\">\n\t\t\t<div class=\"elementor-widget-wrap elementor-element-populated\">\n\t\t\t\t\t\t\t\t<div class=\"elementor-element elementor-element-08f6495 elementor-widget elementor-widget-theme-post-featured-image elementor-widget-image\" data-id=\"08f6495\" data-element_type=\"widget\" data-widget_type=\"theme-post-featured-image.default\">\n\t\t\t\t<div class=\"elementor-widget-container\">\n\t\t\t\t\t\t\t\t\t\t\t\t\t\t\t<img loading=\"lazy\" decoding=\"async\" width=\"1200\" height=\"1200\" src=\"https:\/\/sistemafamato.org.br\/famatoembrapashow\/wp-content\/uploads\/sites\/5\/2022\/06\/Samuel.jpg\" class=\"attachment-full size-full\" alt=\"\" srcset=\"https:\/\/sistemafamato.org.br\/famatoembrapashow\/wp-content\/uploads\/sites\/5\/2022\/06\/Samuel.jpg 1200w, https:\/\/sistemafamato.org.br\/famatoembrapashow\/wp-content\/uploads\/sites\/5\/2022\/06\/Samuel-300x300.jpg 300w, https:\/\/sistemafamato.org.br\/famatoembrapashow\/wp-content\/uploads\/sites\/5\/2022\/06\/Samuel-1024x1024.jpg 1024w, https:\/\/sistemafamato.org.br\/famatoembrapashow\/wp-content\/uploads\/sites\/5\/2022\/06\/Samuel-150x150.jpg 150w, https:\/\/sistemafamato.org.br\/famatoembrapashow\/wp-content\/uploads\/sites\/5\/2022\/06\/Samuel-768x768.jpg 768w\" sizes=\"auto, (max-width: 1200px) 100vw, 1200px\" \/>\t\t\t\t\t\t\t\t\t\t\t\t\t\t\t<\/div>\n\t\t\t\t<\/div>\n\t\t\t\t\t<\/div>\n\t\t<\/div>\n\t\t\t\t<div class=\"elementor-column elementor-col-50 elementor-top-column elementor-element elementor-element-a5e8a61\" data-id=\"a5e8a61\" data-element_type=\"column\" data-settings=\"{&quot;background_background&quot;:&quot;classic&quot;}\">\n\t\t\t<div class=\"elementor-widget-wrap elementor-element-populated\">\n\t\t\t\t\t\t\t\t<div class=\"elementor-element elementor-element-c9bdc80 elementor-widget elementor-widget-theme-post-title elementor-page-title elementor-widget-heading\" data-id=\"c9bdc80\" data-element_type=\"widget\" data-widget_type=\"theme-post-title.default\">\n\t\t\t\t<div class=\"elementor-widget-container\">\n\t\t\t<h1 class=\"elementor-heading-title elementor-size-default\">Samuel Roggia<\/h1>\t\t<\/div>\n\t\t\t\t<\/div>\n\t\t\t\t<div class=\"elementor-element elementor-element-26bd1fc elementor-widget elementor-widget-heading\" data-id=\"26bd1fc\" data-element_type=\"widget\" data-widget_type=\"heading.default\">\n\t\t\t\t<div class=\"elementor-widget-container\">\n\t\t\t<h2 class=\"elementor-heading-title elementor-size-default\">Pesquisador Embrapa Soja<\/h2>\t\t<\/div>\n\t\t\t\t<\/div>\n\t\t\t\t<div class=\"elementor-element elementor-element-172cab2 elementor-widget elementor-widget-text-editor\" data-id=\"172cab2\" data-element_type=\"widget\" data-widget_type=\"text-editor.default\">\n\t\t\t\t<div class=\"elementor-widget-container\">\n\t\t\t\t\t\t\tPesquisador da Embrapa Soja na \u00e1rea de Manejo de Pragas, em Londrina, PR\r\nT\u00e9cnico Agr\u00edcola, Engenheiro Agr\u00f4nomo e Mestre em Agronomia pela UFSM, Santa Maria, RS.\r\nDoutor em Entomologia pela ESALQ\/USP, Piracicaba, SP.\t\t\t\t\t\t<\/div>\n\t\t\t\t<\/div>\n\t\t\t\t\t<\/div>\n\t\t<\/div>\n\t\t\t\t\t\t\t<\/div>\n\t\t<\/section>\n\t\t\t\t\t\t<\/div>\n\t\t\t\t<\/article>\n\t\t\t\t<article id=\"post-1446\" class=\"elementor-post elementor-grid-item ecs-post-loop post-1446 speaker type-speaker status-publish has-post-thumbnail hentry\">\n\t\t\t\t<div data-elementor-type=\"loop\" data-elementor-id=\"480\" class=\"elementor elementor-480 post-1446 speaker type-speaker status-publish has-post-thumbnail hentry\">\n\t\t\t\t\t\t\t\t<section class=\"elementor-section elementor-top-section elementor-element elementor-element-9acedee elementor-section-boxed elementor-section-height-default elementor-section-height-default\" data-id=\"9acedee\" data-element_type=\"section\" data-settings=\"{&quot;background_background&quot;:&quot;classic&quot;}\">\n\t\t\t\t\t\t<div class=\"elementor-container elementor-column-gap-default\">\n\t\t\t\t\t<div class=\"elementor-column elementor-col-50 elementor-top-column elementor-element elementor-element-0ca81ff\" data-id=\"0ca81ff\" data-element_type=\"column\" data-settings=\"{&quot;background_background&quot;:&quot;classic&quot;}\">\n\t\t\t<div class=\"elementor-widget-wrap elementor-element-populated\">\n\t\t\t\t\t\t\t\t<div class=\"elementor-element elementor-element-08f6495 elementor-widget elementor-widget-theme-post-featured-image elementor-widget-image\" data-id=\"08f6495\" data-element_type=\"widget\" data-widget_type=\"theme-post-featured-image.default\">\n\t\t\t\t<div class=\"elementor-widget-container\">\n\t\t\t\t\t\t\t\t\t\t\t\t\t\t\t<img loading=\"lazy\" decoding=\"async\" width=\"275\" height=\"275\" src=\"https:\/\/sistemafamato.org.br\/famatoembrapashow\/wp-content\/uploads\/sites\/5\/2022\/04\/Silvio-Bhering.png\" class=\"attachment-full size-full\" alt=\"\" srcset=\"https:\/\/sistemafamato.org.br\/famatoembrapashow\/wp-content\/uploads\/sites\/5\/2022\/04\/Silvio-Bhering.png 275w, https:\/\/sistemafamato.org.br\/famatoembrapashow\/wp-content\/uploads\/sites\/5\/2022\/04\/Silvio-Bhering-150x150.png 150w\" sizes=\"auto, (max-width: 275px) 100vw, 275px\" \/>\t\t\t\t\t\t\t\t\t\t\t\t\t\t\t<\/div>\n\t\t\t\t<\/div>\n\t\t\t\t\t<\/div>\n\t\t<\/div>\n\t\t\t\t<div class=\"elementor-column elementor-col-50 elementor-top-column elementor-element elementor-element-a5e8a61\" data-id=\"a5e8a61\" data-element_type=\"column\" data-settings=\"{&quot;background_background&quot;:&quot;classic&quot;}\">\n\t\t\t<div class=\"elementor-widget-wrap elementor-element-populated\">\n\t\t\t\t\t\t\t\t<div class=\"elementor-element elementor-element-c9bdc80 elementor-widget elementor-widget-theme-post-title elementor-page-title elementor-widget-heading\" data-id=\"c9bdc80\" data-element_type=\"widget\" data-widget_type=\"theme-post-title.default\">\n\t\t\t\t<div class=\"elementor-widget-container\">\n\t\t\t<h1 class=\"elementor-heading-title elementor-size-default\">Silvio Bhering<\/h1>\t\t<\/div>\n\t\t\t\t<\/div>\n\t\t\t\t<div class=\"elementor-element elementor-element-172cab2 elementor-widget elementor-widget-text-editor\" data-id=\"172cab2\" data-element_type=\"widget\" data-widget_type=\"text-editor.default\">\n\t\t\t\t<div class=\"elementor-widget-container\">\n\t\t\t\t\t\t\tEngenheiro Agron\u00f4mica, \u00e1rea de concentra\u00e7\u00e3o em Ci\u00eancia do Solo  (UFRRJ), Analista de Sistemas (PUC\/RJ); Mestre em Engenharia na \u00e1rea de concentra\u00e7\u00e3o de Geom\u00e1tica (EPUSP); MBA em Gest\u00e3o Empresarial (UFSC); Doutor em Geografia na \u00e1rea de Planejamento e Gest\u00e3o Ambiental (UFRJ) e MBA em Gest\u00e3o de Projetos (USP\/Esalq). Pesquisador da Embrapa Solos desde 1990 atuando como coordenador de Projetos de Pesquisa nos temas de Planejamento de Uso e Ocupa\u00e7\u00e3o das Terras, Modelagem Ambiental e Mapeamento Digital de Solos. Atuou como Presidente do Portf\u00f3lio de Projetos de Pesquisa em Solos do Brasil no Sistema Embrapa. Atualmente ocupa o cargo de Chefe Adjunto de Pesquisa e Desenvolvimento da Embrapa Solos.\t\t\t\t\t\t<\/div>\n\t\t\t\t<\/div>\n\t\t\t\t\t<\/div>\n\t\t<\/div>\n\t\t\t\t\t\t\t<\/div>\n\t\t<\/section>\n\t\t\t\t\t\t<\/div>\n\t\t\t\t<\/article>\n\t\t\t\t<article id=\"post-28959\" class=\"elementor-post elementor-grid-item ecs-post-loop post-28959 speaker type-speaker status-publish has-post-thumbnail hentry\">\n\t\t\t\t<div data-elementor-type=\"loop\" data-elementor-id=\"480\" class=\"elementor elementor-480 post-28959 speaker type-speaker status-publish has-post-thumbnail hentry\">\n\t\t\t\t\t\t\t\t<section class=\"elementor-section elementor-top-section elementor-element elementor-element-9acedee elementor-section-boxed elementor-section-height-default elementor-section-height-default\" data-id=\"9acedee\" data-element_type=\"section\" data-settings=\"{&quot;background_background&quot;:&quot;classic&quot;}\">\n\t\t\t\t\t\t<div class=\"elementor-container elementor-column-gap-default\">\n\t\t\t\t\t<div class=\"elementor-column elementor-col-50 elementor-top-column elementor-element elementor-element-0ca81ff\" data-id=\"0ca81ff\" data-element_type=\"column\" data-settings=\"{&quot;background_background&quot;:&quot;classic&quot;}\">\n\t\t\t<div class=\"elementor-widget-wrap elementor-element-populated\">\n\t\t\t\t\t\t\t\t<div class=\"elementor-element elementor-element-08f6495 elementor-widget elementor-widget-theme-post-featured-image elementor-widget-image\" data-id=\"08f6495\" data-element_type=\"widget\" data-widget_type=\"theme-post-featured-image.default\">\n\t\t\t\t<div class=\"elementor-widget-container\">\n\t\t\t\t\t\t\t\t\t\t\t\t\t\t\t<img loading=\"lazy\" decoding=\"async\" width=\"1400\" height=\"1400\" src=\"https:\/\/sistemafamato.org.br\/famatoembrapashow\/wp-content\/uploads\/sites\/5\/2022\/06\/VANESSA-FELIPE.jpg\" class=\"attachment-full size-full\" alt=\"\" srcset=\"https:\/\/sistemafamato.org.br\/famatoembrapashow\/wp-content\/uploads\/sites\/5\/2022\/06\/VANESSA-FELIPE.jpg 1400w, https:\/\/sistemafamato.org.br\/famatoembrapashow\/wp-content\/uploads\/sites\/5\/2022\/06\/VANESSA-FELIPE-300x300.jpg 300w, https:\/\/sistemafamato.org.br\/famatoembrapashow\/wp-content\/uploads\/sites\/5\/2022\/06\/VANESSA-FELIPE-1024x1024.jpg 1024w, https:\/\/sistemafamato.org.br\/famatoembrapashow\/wp-content\/uploads\/sites\/5\/2022\/06\/VANESSA-FELIPE-150x150.jpg 150w, https:\/\/sistemafamato.org.br\/famatoembrapashow\/wp-content\/uploads\/sites\/5\/2022\/06\/VANESSA-FELIPE-768x768.jpg 768w\" sizes=\"auto, (max-width: 1400px) 100vw, 1400px\" \/>\t\t\t\t\t\t\t\t\t\t\t\t\t\t\t<\/div>\n\t\t\t\t<\/div>\n\t\t\t\t\t<\/div>\n\t\t<\/div>\n\t\t\t\t<div class=\"elementor-column elementor-col-50 elementor-top-column elementor-element elementor-element-a5e8a61\" data-id=\"a5e8a61\" data-element_type=\"column\" data-settings=\"{&quot;background_background&quot;:&quot;classic&quot;}\">\n\t\t\t<div class=\"elementor-widget-wrap elementor-element-populated\">\n\t\t\t\t\t\t\t\t<div class=\"elementor-element elementor-element-c9bdc80 elementor-widget elementor-widget-theme-post-title elementor-page-title elementor-widget-heading\" data-id=\"c9bdc80\" data-element_type=\"widget\" data-widget_type=\"theme-post-title.default\">\n\t\t\t\t<div class=\"elementor-widget-container\">\n\t\t\t<h1 class=\"elementor-heading-title elementor-size-default\">Vanessa Felipe de Souza<\/h1>\t\t<\/div>\n\t\t\t\t<\/div>\n\t\t\t\t<div class=\"elementor-element elementor-element-26bd1fc elementor-widget elementor-widget-heading\" data-id=\"26bd1fc\" data-element_type=\"widget\" data-widget_type=\"heading.default\">\n\t\t\t\t<div class=\"elementor-widget-container\">\n\t\t\t<h2 class=\"elementor-heading-title elementor-size-default\">Pesquisadora\u00a0Embrapa Gado de Corte<\/h2>\t\t<\/div>\n\t\t\t\t<\/div>\n\t\t\t\t<div class=\"elementor-element elementor-element-172cab2 elementor-widget elementor-widget-text-editor\" data-id=\"172cab2\" data-element_type=\"widget\" data-widget_type=\"text-editor.default\">\n\t\t\t\t<div class=\"elementor-widget-container\">\n\t\t\t\t\t\t\tPossui gradua\u00e7\u00e3o em Medicina Veterin\u00e1ria pela Universidade Federal do Rio Grande do Sul (1996), mestrado e doutorado em Medicina Veterin\u00e1ria Preventiva &#8211; Virologia &#8211; pela Universidade Federal do Rio Grande do Sul &#8211; UFRGS (2002). Atualmente \u00e9 Pesquisadora n\u00edvel A na Empresa Brasileira de Pesquisa Agropecu\u00e1ria (EMBRAPA), Unidade Gado de Corte, Campo Grande &#8211; MS. Tem experi\u00eancia na \u00e1rea de Medicina Veterin\u00e1ria com \u00eanfase em Doen\u00e7as Infecciosas de Animais, atuando principalmente nos temas: Medicina Veterin\u00e1ria Preventiva, Virologia, Sa\u00fade Animal, Sa\u00fade P\u00fablica Veterin\u00e1ria, Educa\u00e7\u00e3o Sanit\u00e1ria e Bem-estar Animal. \t\t\t\t\t\t<\/div>\n\t\t\t\t<\/div>\n\t\t\t\t\t<\/div>\n\t\t<\/div>\n\t\t\t\t\t\t\t<\/div>\n\t\t<\/section>\n\t\t\t\t\t\t<\/div>\n\t\t\t\t<\/article>\n\t\t\t\t<\/div>\n\t\t\t\t<\/div>\n\t\t\t\t<\/div>\n\t\t\t\t\t<\/div>\n\t\t<\/div>\n\t\t\t\t\t\t\t<\/div>\n\t\t<\/section>\n\t\t\t\t\t<\/div>\n\t\t<\/div>\n\t\t\t\t\t\t\t<\/div>\n\t\t<\/section>\n\t\t\t\t<section class=\"elementor-section elementor-top-section elementor-element elementor-element-1392462 elementor-section-content-middle elementor-section-boxed elementor-section-height-default elementor-section-height-default\" data-id=\"1392462\" data-element_type=\"section\" data-settings=\"{&quot;background_background&quot;:&quot;gradient&quot;}\">\n\t\t\t\t\t\t<div class=\"elementor-container elementor-column-gap-no\">\n\t\t\t\t\t<div class=\"elementor-column elementor-col-100 elementor-top-column elementor-element elementor-element-c57e97c\" data-id=\"c57e97c\" data-element_type=\"column\">\n\t\t\t<div class=\"elementor-widget-wrap elementor-element-populated\">\n\t\t\t\t\t\t\t\t<div class=\"elementor-element elementor-element-f891f45 elementor-widget elementor-widget-heading\" data-id=\"f891f45\" data-element_type=\"widget\" data-widget_type=\"heading.default\">\n\t\t\t\t<div class=\"elementor-widget-container\">\n\t\t\t<h2 class=\"elementor-heading-title elementor-size-default\">Realiza\u00e7\u00e3o<\/h2>\t\t<\/div>\n\t\t\t\t<\/div>\n\t\t\t\t<section class=\"elementor-section elementor-inner-section elementor-element elementor-element-eb2ba9a elementor-section-boxed elementor-section-height-default elementor-section-height-default\" data-id=\"eb2ba9a\" data-element_type=\"section\">\n\t\t\t\t\t\t<div class=\"elementor-container elementor-column-gap-default\">\n\t\t\t\t\t<div class=\"elementor-column elementor-col-33 elementor-inner-column elementor-element elementor-element-53117e8\" data-id=\"53117e8\" data-element_type=\"column\" data-settings=\"{&quot;background_background&quot;:&quot;classic&quot;}\">\n\t\t\t<div class=\"elementor-widget-wrap elementor-element-populated\">\n\t\t\t\t\t\t\t\t<div class=\"elementor-element elementor-element-5bb593c elementor-widget elementor-widget-image\" data-id=\"5bb593c\" data-element_type=\"widget\" data-widget_type=\"image.default\">\n\t\t\t\t<div class=\"elementor-widget-container\">\n\t\t\t\t\t\t\t\t\t\t\t\t\t\t\t<img loading=\"lazy\" decoding=\"async\" width=\"299\" height=\"86\" src=\"https:\/\/sistemafamato.org.br\/famatoembrapashow\/wp-content\/uploads\/sites\/5\/2022\/03\/logo_famato.png\" class=\"attachment-full size-full\" alt=\"\" \/>\t\t\t\t\t\t\t\t\t\t\t\t\t\t\t<\/div>\n\t\t\t\t<\/div>\n\t\t\t\t\t<\/div>\n\t\t<\/div>\n\t\t\t\t<div class=\"elementor-column elementor-col-33 elementor-inner-column elementor-element elementor-element-d54f29b\" data-id=\"d54f29b\" data-element_type=\"column\" data-settings=\"{&quot;background_background&quot;:&quot;classic&quot;}\">\n\t\t\t<div class=\"elementor-widget-wrap elementor-element-populated\">\n\t\t\t\t\t\t\t\t<div class=\"elementor-element elementor-element-c0404d1 elementor-widget elementor-widget-image\" data-id=\"c0404d1\" data-element_type=\"widget\" data-widget_type=\"image.default\">\n\t\t\t\t<div class=\"elementor-widget-container\">\n\t\t\t\t\t\t\t\t\t\t\t\t\t\t\t<img loading=\"lazy\" decoding=\"async\" width=\"271\" height=\"84\" src=\"https:\/\/sistemafamato.org.br\/famatoembrapashow\/wp-content\/uploads\/sites\/5\/2022\/03\/logo_senar.png\" class=\"attachment-large size-large\" alt=\"\" \/>\t\t\t\t\t\t\t\t\t\t\t\t\t\t\t<\/div>\n\t\t\t\t<\/div>\n\t\t\t\t\t<\/div>\n\t\t<\/div>\n\t\t\t\t<div class=\"elementor-column elementor-col-33 elementor-inner-column elementor-element elementor-element-690453d\" data-id=\"690453d\" data-element_type=\"column\" data-settings=\"{&quot;background_background&quot;:&quot;classic&quot;}\">\n\t\t\t<div class=\"elementor-widget-wrap elementor-element-populated\">\n\t\t\t\t\t\t\t\t<div class=\"elementor-element elementor-element-dd5e999 elementor-widget elementor-widget-image\" data-id=\"dd5e999\" data-element_type=\"widget\" data-widget_type=\"image.default\">\n\t\t\t\t<div class=\"elementor-widget-container\">\n\t\t\t\t\t\t\t\t\t\t\t\t\t\t\t<img loading=\"lazy\" decoding=\"async\" width=\"299\" height=\"92\" src=\"https:\/\/sistemafamato.org.br\/famatoembrapashow\/wp-content\/uploads\/sites\/5\/2022\/03\/logo_embrapa.png\" class=\"attachment-large size-large\" alt=\"\" \/>\t\t\t\t\t\t\t\t\t\t\t\t\t\t\t<\/div>\n\t\t\t\t<\/div>\n\t\t\t\t\t<\/div>\n\t\t<\/div>\n\t\t\t\t\t\t\t<\/div>\n\t\t<\/section>\n\t\t\t\t\t<\/div>\n\t\t<\/div>\n\t\t\t\t\t\t\t<\/div>\n\t\t<\/section>\n\t\t\t\t<section class=\"elementor-section elementor-top-section elementor-element elementor-element-f283ef4 elementor-section-content-middle elementor-section-boxed elementor-section-height-default elementor-section-height-default\" data-id=\"f283ef4\" data-element_type=\"section\" data-settings=\"{&quot;background_background&quot;:&quot;classic&quot;}\">\n\t\t\t\t\t\t<div class=\"elementor-container elementor-column-gap-default\">\n\t\t\t\t\t<div class=\"elementor-column elementor-col-100 elementor-top-column elementor-element elementor-element-f1c411e\" data-id=\"f1c411e\" data-element_type=\"column\">\n\t\t\t<div class=\"elementor-widget-wrap elementor-element-populated\">\n\t\t\t\t\t\t\t\t<div class=\"elementor-element elementor-element-9b9cc09 elementor-widget elementor-widget-text-editor\" data-id=\"9b9cc09\" data-element_type=\"widget\" data-widget_type=\"text-editor.default\">\n\t\t\t\t<div class=\"elementor-widget-container\">\n\t\t\t\t\t\t\t<p>2022 Sistema Famato. Todos os direitos reservados.<\/p>\t\t\t\t\t\t<\/div>\n\t\t\t\t<\/div>\n\t\t\t\t\t<\/div>\n\t\t<\/div>\n\t\t\t\t\t\t\t<\/div>\n\t\t<\/section>\n\t\t\t\t\t\t\t<\/div>\n\t\t","protected":false},"excerpt":{"rendered":"<p>Conte cada segundo at\u00e9 o Famato Embrapa Show 2022 Dia(s) Hora(s) Minuto(s) Segundo(s) INSCREVA-SE Palestrantes Conhe\u00e7a os nossos Palestrantes Realiza\u00e7\u00e3o 2022 Sistema Famato. Todos os direitos reservados.<\/p>\n","protected":false},"author":1,"featured_media":0,"parent":0,"menu_order":0,"comment_status":"closed","ping_status":"closed","template":"elementor_header_footer","meta":{"footnotes":""},"class_list":["post-1450","page","type-page","status-publish","hentry"],"acf":[],"_links":{"self":[{"href":"https:\/\/sistemafamato.org.br\/famatoembrapashow\/wp-json\/wp\/v2\/pages\/1450","targetHints":{"allow":["GET"]}}],"collection":[{"href":"https:\/\/sistemafamato.org.br\/famatoembrapashow\/wp-json\/wp\/v2\/pages"}],"about":[{"href":"https:\/\/sistemafamato.org.br\/famatoembrapashow\/wp-json\/wp\/v2\/types\/page"}],"author":[{"embeddable":true,"href":"https:\/\/sistemafamato.org.br\/famatoembrapashow\/wp-json\/wp\/v2\/users\/1"}],"replies":[{"embeddable":true,"href":"https:\/\/sistemafamato.org.br\/famatoembrapashow\/wp-json\/wp\/v2\/comments?post=1450"}],"version-history":[{"count":73,"href":"https:\/\/sistemafamato.org.br\/famatoembrapashow\/wp-json\/wp\/v2\/pages\/1450\/revisions"}],"predecessor-version":[{"id":30138,"href":"https:\/\/sistemafamato.org.br\/famatoembrapashow\/wp-json\/wp\/v2\/pages\/1450\/revisions\/30138"}],"wp:attachment":[{"href":"https:\/\/sistemafamato.org.br\/famatoembrapashow\/wp-json\/wp\/v2\/media?parent=1450"}],"curies":[{"name":"wp","href":"https:\/\/api.w.org\/{rel}","templated":true}]}}